{"id":21004,"date":"2016-07-28T17:52:24","date_gmt":"2016-07-28T15:52:24","guid":{"rendered":"https:\/\/www.fundacionnaturgy.org\/ca\/programa-internacional\/colombia\/"},"modified":"2018-12-14T14:41:01","modified_gmt":"2018-12-14T13:41:01","slug":"colombia","status":"publish","type":"page","link":"https:\/\/www.fundacionnaturgy.org\/ca\/programa-internacional\/colombia\/","title":{"rendered":"Col\u00f2mbia"},"content":{"rendered":"<p>[vc_row][vc_column][vc_tta_tabs spacing=&#8221;2&#8243; active_section=&#8221;1&#8243;][vc_tta_section title=&#8221;Programes anteriors&#8221; tab_id=&#8221;1481708925682-21b84992-0dc1&#8243;]<div class=\"gnf-tab-v\"><h3><\/h3><ul class=\"tabs vertical\" data-tab><li class=\"tab-title active\"><a href=\"#panel1c9140e5-3446-9\" tabindex=\"0\">Programa \u201cPetits cient\u00edfics\u201d<\/a><\/li><li class=\"tab-title\"><a href=\"#panel88fa25d0-69af-4\" tabindex=\"1\">Programa de formaci\u00f3 de mec\u00e0nics en gas natural vehicular (GNV)<\/a><\/li><\/ul><div class=\"tabs-content\"><div class=\"content active\" id=\"panel1c9140e5-3446-9\"><div class=\"gnf-texto-destacado\" style=\"background-color:#edf0f1;border-color:#004165;\"><h4 style=\"color:#004165\">Programa \u201cPetits cient\u00edfics\u201d<\/h4>Aquest programa va n\u00e9ixer l\u2019any 2002 com una iniciativa orientada a la renovaci\u00f3 de les pr\u00e0ctiques pedag\u00f2giques per mitj\u00e0 de les quals els nens i els joves aprenen ci\u00e8ncies a l\u2019escola prim\u00e0ria.<\/div>[vc_empty_space][vc_single_image image=&#8221;18088&#8243; img_size=&#8221;full&#8221;][vc_column_text]L\u2019objectiu \u00e9s que desenvolupin una actitud cient\u00edfica i ciutadana a partir de la indagaci\u00f3 dels fen\u00f2mens naturals que els envolten. La tecnologia i l\u2019aprenentatge de la ci\u00e8ncia han d\u2019estar relacionats amb la vida quotidiana dels estudiants i, per tant, es fan servir per a la seva comprensi\u00f3 materials comuns i elements habituals en la vida di\u00e0ria dels alumnes.<\/p>\n<p>El programa es desenvolupa en compliment del conveni establert entre la Fundaci\u00f3 Naturgy, la Secretaria d\u2019Educaci\u00f3 Districtual i la Universitat dels Andes, aquesta \u00faltima com a entitat executora.<\/p>\n<p>La indagaci\u00f3 guiada es considera una eina que condueix al pensament i desenvolupa la comprensi\u00f3. No hi ha ra\u00f3 per la qual els estudiants hagin de desenvolupar la seva comprensi\u00f3 sobre el m\u00f3n per mitj\u00e0 de la memoritzaci\u00f3 de fets i esdeveniments.[\/vc_column_text][vc_single_image image=&#8221;18086&#8243; img_size=&#8221;full&#8221;][vc_column_text]<\/p>\n<h2>Un sistema\u00a0d\u2019impacte\u00a0mundial<\/h2>\n<p>Diverses acad\u00e8mies d\u2019arreu del m\u00f3n han avalat la idone\u00eftat d\u2019aquest sistema i estan donant suport en diferents pa\u00efsos al desenvolupament de projectes d\u2019alfabetitzaci\u00f3 cient\u00edfica a trav\u00e9s de l\u2019ensenyament de les ci\u00e8ncies estimulant la indagaci\u00f3. Aquest programa s\u2019est\u00e0 consolidant com un dels programes de renovaci\u00f3 en l\u2019ensenyament de les ci\u00e8ncies m\u00e9s s\u00f2lids del m\u00f3n. L\u2019avan\u00e7 de la seva implementaci\u00f3 i desenvolupament li permetr\u00e0, en un futur pr\u00f2xim, integrar-se en els grans cercles de recerca en educaci\u00f3 i avaluaci\u00f3 de les ci\u00e8ncies a l\u2019escola prim\u00e0ria i augmentar el suport rebut per diferents entitats colombianes i internacionals.[\/vc_column_text][vc_single_image image=&#8221;18090&#8243; img_size=&#8221;full&#8221;][vc_column_text]El programa va ser guardonat, per la seva aportaci\u00f3 a l\u2019alfabetitzaci\u00f3 cient\u00edfica dels nens del planeta, amb el premi Purkwa, distinci\u00f3 promoguda per l\u2019Escola de Mines de Saint Etienne i l\u2019acad\u00e8mia de ci\u00e8ncies de Fran\u00e7a.<\/p>\n<p>En aquests 14 anys\u00a0de desenvolupament\u00a0del\u00a0programa\u00a0(en ciutats\u00a0com\u00a0Bogot\u00e0, Tunja\u00a0i Mosquera),\u00a0s&#8217;han\u00a0beneficiat\u00a0un total de 41.755 estudiants, 1.092 docents\u00a0i 77 institucions educatives.[\/vc_column_text]<\/div><div class=\"content\" id=\"panel88fa25d0-69af-4\"><div class=\"gnf-texto-destacado\" style=\"background-color:#edf0f1;border-color:#004165;\"><h4 style=\"color:#004165\">Programa de formaci\u00f3 de mec\u00e0nics en gas natural vehicular (GNV)<\/h4>Aquest programa de formaci\u00f3 es va formalitzar mitjan\u00e7ant el conveni signat entre la Fundaci\u00f3 Naturgy, l\u2019empresa Autotraining i el SENA (Servei Nacional d\u2019Aprenentatge), com a entitat oficial que d\u00f3na aval acad\u00e8mic al programa.<\/div>[vc_empty_space][vc_column_text]L\u2019objectiu d\u2019aquest programa \u00e9s la formaci\u00f3 de t\u00e8cnics especialistes en mec\u00e0nica automotriu i instal\u00b7lacions de gas natural vehicular, per aconseguir assolir les compet\u00e8ncies laborals exigides.[\/vc_column_text][vc_single_image image=&#8221;18095&#8243; img_size=&#8221;full&#8221;][vc_column_text]El programa inclou 400 hores de capacitaci\u00f3, compreses en un per\u00edode m\u00e0xim de sis mesos.[\/vc_column_text][vc_empty_space][vc_column_text]Les \u00e0rees en qu\u00e8 s\u2019aprofundeix s\u00f3n:[\/vc_column_text][vc_row_inner][vc_column_inner width=&#8221;1\/2&#8243;]<div class=\"gnf-destacado-icono small-text-center medium-text-left row collapse\"><div class=\"gnf-destacado-icono__icono large-4 columns small-text-center medium-text-left \"><div class=\"icon-outer icon-style-default\" style=\"background-color:\"><span class=\"fa fa-wrench\"><\/span><\/div><\/div><div class=\"gnf-destacado-icono__texto large-8 columns\"><h4>Eines<\/h4><\/div><\/div><div class=\"gnf-destacado-icono small-text-center medium-text-left row collapse\"><div class=\"gnf-destacado-icono__icono large-4 columns small-text-center medium-text-left \"><div class=\"icon-outer icon-style-default\" style=\"background-color:\"><span class=\"fa fa-pencil\"><\/span><\/div><\/div><div class=\"gnf-destacado-icono__texto large-8 columns\"><h4>Dibuix<\/h4><\/div><\/div><div class=\"gnf-destacado-icono small-text-center medium-text-left row collapse\"><div class=\"gnf-destacado-icono__icono large-4 columns small-text-center medium-text-left \"><div class=\"icon-outer icon-style-default\" style=\"background-color:\"><span class=\"fa fa-cogs\"><\/span><\/div><\/div><div class=\"gnf-destacado-icono__texto large-8 columns\"><h4>Mec\u00e0nica automotriu<\/h4><\/div><\/div><div class=\"gnf-destacado-icono small-text-center medium-text-left row collapse\"><div class=\"gnf-destacado-icono__icono large-4 columns small-text-center medium-text-left \"><div class=\"icon-outer icon-style-default\" style=\"background-color:\"><span class=\"fa fa-refresh\"><\/span><\/div><\/div><div class=\"gnf-destacado-icono__texto large-8 columns\"><h4>Conversi\u00f3<\/h4><\/div><\/div><div class=\"gnf-destacado-icono small-text-center medium-text-left row collapse\"><div class=\"gnf-destacado-icono__icono large-4 columns small-text-center medium-text-left \"><div class=\"icon-outer icon-style-default\" style=\"background-color:\"><span class=\"fa fa-fire\"><\/span><\/div><\/div><div class=\"gnf-destacado-icono__texto large-8 columns\"><h4>Ignici\u00f3<\/h4><\/div><\/div><div class=\"gnf-destacado-icono small-text-center medium-text-left row collapse\"><div class=\"gnf-destacado-icono__icono large-4 columns small-text-center medium-text-left \"><div class=\"icon-outer icon-style-default\" style=\"background-color:\"><span class=\"fa fa-at\"><\/span><\/div><\/div><div class=\"gnf-destacado-icono__texto large-8 columns\"><h4>Sistema computaritzat de motor OBD<\/h4><\/div><\/div><div class=\"gnf-destacado-icono small-text-center medium-text-left row collapse\"><div class=\"gnf-destacado-icono__icono large-4 columns small-text-center medium-text-left \"><div class=\"icon-outer icon-style-default\" style=\"background-color:\"><span class=\"fa fa-users\"><\/span><\/div><\/div><div class=\"gnf-destacado-icono__texto large-8 columns\"><h4>Angl\u00e8s b\u00e0sic<\/h4><\/div><\/div>[\/vc_column_inner][vc_column_inner width=&#8221;1\/2&#8243;]<div class=\"gnf-destacado-icono small-text-center medium-text-left row collapse\"><div class=\"gnf-destacado-icono__icono large-4 columns small-text-center medium-text-left \"><div class=\"icon-outer icon-style-default\" style=\"background-color:\"><span class=\"fa fa-list-ol\"><\/span><\/div><\/div><div class=\"gnf-destacado-icono__texto large-8 columns\"><h4>Ordre i log\u00edstica de taller<\/h4><\/div><\/div><div class=\"gnf-destacado-icono small-text-center medium-text-left row collapse\"><div class=\"gnf-destacado-icono__icono large-4 columns small-text-center medium-text-left \"><div class=\"icon-outer icon-style-default\" style=\"background-color:\"><span class=\"fa fa-bar-chart\"><\/span><\/div><\/div><div class=\"gnf-destacado-icono__texto large-8 columns\"><h4>An\u00e0lisi de gasos<\/h4><\/div><\/div><div class=\"gnf-destacado-icono small-text-center medium-text-left row collapse\"><div class=\"gnf-destacado-icono__icono large-4 columns small-text-center medium-text-left \"><div class=\"icon-outer icon-style-default\" style=\"background-color:\"><span class=\"fa fa-fire-extinguisher\"><\/span><\/div><\/div><div class=\"gnf-destacado-icono__texto large-8 columns\"><h4>Seguretat industrial<\/h4><\/div><\/div><div class=\"gnf-destacado-icono small-text-center medium-text-left row collapse\"><div class=\"gnf-destacado-icono__icono large-4 columns small-text-center medium-text-left \"><div class=\"icon-outer icon-style-default\" style=\"background-color:\"><span class=\"fa fa-eyedropper\"><\/span><\/div><\/div><div class=\"gnf-destacado-icono__texto large-8 columns\"><h4>Injecci\u00f3 electr\u00f2nica <\/h4><\/div><\/div><div class=\"gnf-destacado-icono small-text-center medium-text-left row collapse\"><div class=\"gnf-destacado-icono__icono large-4 columns small-text-center medium-text-left \"><div class=\"icon-outer icon-style-default\" style=\"background-color:\"><span class=\"fa fa-bolt\"><\/span><\/div><\/div><div class=\"gnf-destacado-icono__texto large-8 columns\"><h4>Electricitat<\/h4><\/div><\/div><div class=\"gnf-destacado-icono small-text-center medium-text-left row collapse\"><div class=\"gnf-destacado-icono__icono large-4 columns small-text-center medium-text-left \"><div class=\"icon-outer icon-style-default\" style=\"background-color:\"><span class=\"fa fa-calculator\"><\/span><\/div><\/div><div class=\"gnf-destacado-icono__texto large-8 columns\"><h4>Metrologia<\/h4><\/div><\/div>[\/vc_column_inner][\/vc_row_inner][vc_empty_space][vc_column_text]Durant els nou anys que fa que\u00a0s&#8217;est\u00e0\u00a0desenvolupant\u00a0aquest programa, s&#8217;han format\u00a0un total de 7.240 mec\u00e0nics especialistes i 148 tallers especialitzats.<\/p>\n<p>Es van beneficiar d\u2019aquest programa les ciutats\/regions de Bogot\u00e0 i Bucaramanga.[\/vc_column_text]<\/div><\/div><\/div>[\/vc_tta_section][vc_tta_section title=&#8221;Not\u00edcies&#8221; tab_id=&#8221;1481708925694-2dfb8660-073c&#8221;][vc_basic_grid post_type=&#8221;post&#8221; max_items=&#8221;14&#8243; item=&#8221;36219&#8243; grid_id=&#8221;vc_gid:1530118145178-76e0b06c-dc78-8&#8243; taxonomies=&#8221;130&#8243;][\/vc_tta_section][\/vc_tta_tabs][\/vc_column][\/vc_row]<\/p>\n","protected":false},"excerpt":{"rendered":"<p>[vc_row][vc_column][vc_tta_tabs spacing=&#8221;2&#8243; active_section=&#8221;1&#8243;][vc_tta_section title=&#8221;Programes anteriors&#8221; tab_id=&#8221;1481708925682-21b84992-0dc1&#8243;][\/vc_tta_section][vc_tta_section title=&#8221;Not\u00edcies&#8221; tab_id=&#8221;1481708925694-2dfb8660-073c&#8221;][vc_basic_grid post_type=&#8221;post&#8221; max_items=&#8221;14&#8243; item=&#8221;36219&#8243; grid_id=&#8221;vc_gid:1530118145178-76e0b06c-dc78-8&#8243; taxonomies=&#8221;130&#8243;][\/vc_tta_section][\/vc_tta_tabs][\/vc_column][\/vc_row]<\/p>\n","protected":false},"author":11,"featured_media":0,"parent":18557,"menu_order":0,"comment_status":"closed","ping_status":"closed","template":"templates\/full-width.php","meta":{"inline_featured_image":false},"categories":[],"acf":[],"_links":{"self":[{"href":"https:\/\/www.fundacionnaturgy.org\/ca\/wp-json\/wp\/v2\/pages\/21004"}],"collection":[{"href":"https:\/\/www.fundacionnaturgy.org\/ca\/wp-json\/wp\/v2\/pages"}],"about":[{"href":"https:\/\/www.fundacionnaturgy.org\/ca\/wp-json\/wp\/v2\/types\/page"}],"author":[{"embeddable":true,"href":"https:\/\/www.fundacionnaturgy.org\/ca\/wp-json\/wp\/v2\/users\/11"}],"replies":[{"embeddable":true,"href":"https:\/\/www.fundacionnaturgy.org\/ca\/wp-json\/wp\/v2\/comments?post=21004"}],"version-history":[{"count":0,"href":"https:\/\/www.fundacionnaturgy.org\/ca\/wp-json\/wp\/v2\/pages\/21004\/revisions"}],"up":[{"embeddable":true,"href":"https:\/\/www.fundacionnaturgy.org\/ca\/wp-json\/wp\/v2\/pages\/18557"}],"wp:attachment":[{"href":"https:\/\/www.fundacionnaturgy.org\/ca\/wp-json\/wp\/v2\/media?parent=21004"}],"wp:term":[{"taxonomy":"category","embeddable":true,"href":"https:\/\/www.fundacionnaturgy.org\/ca\/wp-json\/wp\/v2\/categories?post=21004"}],"curies":[{"name":"wp","href":"https:\/\/api.w.org\/{rel}","templated":true}]}}