{"id":47129,"date":"2018-08-02T13:29:01","date_gmt":"2018-08-02T11:29:01","guid":{"rendered":"https:\/\/www.fundacionnaturgy.org\/ca\/accio-social\/pla-de-vulnerabilitat-energetica\/fons-solidari-de-rehabilitacio-energetica\/"},"modified":"2022-11-18T13:35:36","modified_gmt":"2022-11-18T12:35:36","slug":"fons-solidari-de-rehabilitacio-energetica","status":"publish","type":"page","link":"https:\/\/www.fundacionnaturgy.org\/ca\/accio-social\/pla-de-vulnerabilitat-energetica\/fons-solidari-de-rehabilitacio-energetica\/","title":{"rendered":"Fons Solidari de Rehabilitaci\u00f3 Energ\u00e8tica"},"content":{"rendered":"<p>[vc_row][vc_column][vc_column_text]<\/p>\n<h2><strong>Suma\u2019t al Fons!<\/strong><\/h2>\n<p>[\/vc_column_text][vc_column_text]<\/p>\n<h3>Realitzem intervencions expr\u00e9s i de baix cost per millorar l\u2019efici\u00e8ncia energ\u00e8tica de les llars de fam\u00edlies vulnerables.<\/h3>\n<p>[\/vc_column_text][\/vc_column][\/vc_row][vc_row][vc_column][vc_column_text]La rehabilitaci\u00f3 expr\u00e9s ha estat consolidada com una de les eines m\u00e9s eficaces per minimitzar l&#8217;impacte de la pobresa energ\u00e8tica. El seu efecte\u00a0a l&#8217;habitabilitat dels habitatges, el confort a la llar i\/o l&#8217;estalvi a les factures d&#8217;energia \u00e9s immediat.<\/p>\n<p>Des de Fundaci\u00f3 Naturgy animem qualsevol empresa relacionada amb aquestes rehabilitacions energ\u00e8tiques perqu\u00e8 se sumin a aquesta iniciativa, b\u00e9 ajudant en la seva execuci\u00f3, o b\u00e9, sumant la vostra expertesa. Entre tots, aconseguirem ajudar m\u00e9s fam\u00edlies![\/vc_column_text][\/vc_column][\/vc_row][vc_row css=&#8221;.vc_custom_1647441983492{margin-left: -170px !important;}&#8221;][vc_column css=&#8221;.vc_custom_1647442068651{margin-bottom: -35px !important;}&#8221;][vc_single_image image=&#8221;66571&#8243; img_size=&#8221;full&#8221;][\/vc_column][\/vc_row][vc_row css=&#8221;.vc_custom_1647442001171{margin-right: -170px !important;}&#8221;][vc_column width=&#8221;1\/3&#8243;][vc_empty_space][vc_single_image image=&#8221;81388&#8243; img_size=&#8221;60&#215;60&#8243; alignment=&#8221;center&#8221;][vc_column_text]<\/p>\n<h4 style=\"text-align: center;\"><strong>Intervencions expr\u00e9s<br \/>\ni de baix cost<\/strong><\/h4>\n<p>[\/vc_column_text][vc_single_image image=&#8221;81364&#8243; img_size=&#8221;60&#215;60&#8243; alignment=&#8221;center&#8221;][vc_column_text]<\/p>\n<h4 style=\"text-align: center;\"><strong>Llars de fam\u00edlies<br \/>\nvulnerables<\/strong><\/h4>\n<p>[\/vc_column_text][vc_single_image image=&#8221;81352&#8243; img_size=&#8221;60&#215;60&#8243; alignment=&#8221;center&#8221;][vc_column_text]<\/p>\n<h4 style=\"text-align: center;\"><strong>M\u00e9s de 3.000<br \/>\nrehabilitacions des de 2018<\/strong><\/h4>\n<p>[\/vc_column_text][\/vc_column][vc_column width=&#8221;2\/3&#8243; css=&#8221;.vc_custom_1649681611021{padding-top: 55px !important;padding-right: 140px !important;padding-bottom: 55px !important;padding-left: 30px !important;background-color: #f4f7f9 !important;}&#8221;][vc_column_text]<\/p>\n<h2><strong>\u00bfPer qu\u00e8 \u00e9s necessari i<br \/>\na qui es dirigeix?<\/strong><\/h2>\n<p>&nbsp;<\/p>\n<h3>Adequem energ\u00e8ticament les llars per reduir la vulnerabilitat energ\u00e8tica<\/h3>\n<p>&nbsp;<\/p>\n<p>Sabem que l\u2019adequaci\u00f3 energ\u00e8tica de les llars \u00e9s una de les mesures clau per reduir la vulnerabilitat energ\u00e8tica. Aix\u00ed ho recull l\u2019Estrat\u00e8gia Nacional contra la Pobresa Energ\u00e8tica 2019-2024, que inclou la nostra iniciativa com a exemple de bones pr\u00e0ctiques. Per aix\u00f2, ens adrecem a llars socials gestionades per administracions p\u00fabliques i entitats del tercer sector amb qu\u00e8 col\u00b7labora la Fundaci\u00f3.[\/vc_column_text][\/vc_column][\/vc_row][vc_row][vc_column][vc_empty_space][\/vc_column][\/vc_row][vc_row][vc_column][vc_column_text]<\/p>\n<h2><strong>\u00bfQuin tipus d\u2019ajuts cobreix i<br \/>\ncom seleccionem els habitatges?<\/strong><\/h2>\n<p>[\/vc_column_text][vc_column_text]Realitzem intervencions relacionades amb la reparaci\u00f3 o substituci\u00f3 d\u2019equipament de la llar i a la millora d\u2019instal\u00b7lacions interiors d\u2019electricitat i gas. Les entitats socials amb qu\u00e8 treballem escullen, entre els habitatges de les fam\u00edlies a les quals donen suport, aquelles que necessiten reformes m\u00e9s urgents.[\/vc_column_text][\/vc_column][\/vc_row][vc_row][vc_column][vc_empty_space][\/vc_column][\/vc_row][vc_row][vc_column width=&#8221;1\/2&#8243;][vc_single_image image=&#8221;56546&#8243; img_size=&#8221;full&#8221;][\/vc_column][vc_column width=&#8221;1\/2&#8243;][vc_single_image image=&#8221;58388&#8243; img_size=&#8221;full&#8221;][\/vc_column][\/vc_row][vc_row][vc_column][vc_empty_space][vc_column_text]<\/p>\n<h2><strong>Responem els teus dubtes<br \/>\n<\/strong><\/h2>\n<p>[\/vc_column_text][\/vc_column][\/vc_row][vc_row][vc_column]<div class=\"gnf-acordeon\"><h3><\/h3><ul class=\"accordion\" data-accordion><li class=\"accordion-navigation\"><a href=\"#panelque-inclou-la-rehabilitacio-energetica-de-les-llars\">Qu\u00e8 inclou la Rehabilitaci\u00f3 Energ\u00e8tica de les llars?<\/a><div class=\"content active\" id=\"panelque-inclou-la-rehabilitacio-energetica-de-les-llars\">[vc_column_text]<strong>Millores<\/strong>\u00a0a les llars per\u00a0<strong>incrementar l\u2019efici\u00e8ncia energ\u00e8tica que no suposin intervenci\u00f3 estructural<\/strong>\u00a0i que\u00a0puguin executar-se de manera \u00e0gil.\u00a0Les solucions es classifiquen en:\u00a0terres, cobertes, fusteria i vidres i proteccions solars.[\/vc_column_text]<\/div><\/li><li class=\"accordion-navigation\"><a href=\"#panelen-que-ens-basem-per-realitzar-les-rehabilitacions\">En qu\u00e8 ens basem per realitzar les rehabilitacions?<\/a><div class=\"content\" id=\"panelen-que-ens-basem-per-realitzar-les-rehabilitacions\">[vc_column_text]Fundaci\u00f3 Naturgy basa aquestes rehabilitacions en 75 solucions que publicava al seu llibre <strong>\u201cRehabilitaci\u00f3 expr\u00e9s en llars vulnerables. Solucions de baix cost\u201d<\/strong>, publicat el 2017, elaborat per la Universitat Polit\u00e8cnica de Madrid. Aquestes mesures es van comen\u00e7ar a executar el 2018 per tal de posar-les en pr\u00e0ctica.<\/p>\n<p>El 2022 es va actualitzar aquesta publicaci\u00f3, sumant noves solucions fins a assolir les 90 mesures. I tamb\u00e9 es va elaborar un informe amb la valoraci\u00f3 i l&#8217;impacte d&#8217;entitats socials sobre el projecte de rehabilitaci\u00f3 energ\u00e8tica.[\/vc_column_text]<\/div><\/li><li class=\"accordion-navigation\"><a href=\"#panelquin-equipament-de-la-llar-es-reparable-o-substituible\">Quin equipament de la llar \u00e9s reparable o substitu\u00efble?<\/a><div class=\"content\" id=\"panelquin-equipament-de-la-llar-es-reparable-o-substituible\">[vc_column_text]Equipament per\u00a0<strong>mantenir la temperatura i la humitat de les\u00a0cases en condicions adequades de salubritat<\/strong>, com frigor\u00edfic, cuina, escalfador, caldera o deshumidificador, entre d\u2019altres.[\/vc_column_text]<\/div><\/li><li class=\"accordion-navigation\"><a href=\"#panelque-inclou-la-installacio-interior-delectricitat-i-gas\">Qu\u00e8 inclou la instal\u00b7laci\u00f3 interior d'electricitat i gas?<\/a><div class=\"content\" id=\"panelque-inclou-la-installacio-interior-delectricitat-i-gas\">[vc_column_text]<strong>Adequaci\u00f3 a la normativa b\u00e0sica<\/strong>\u00a0per garantir el subministrament i complir la normativa de seguretat.[\/vc_column_text]<\/div><\/li><li class=\"accordion-navigation\"><a href=\"#panelcom-se-seleccionen-les-llars-en-que-fer-una-rehabilitacio\">Com se seleccionen les llars en qu\u00e8 fer una rehabilitaci\u00f3?<\/a><div class=\"content\" id=\"panelcom-se-seleccionen-les-llars-en-que-fer-una-rehabilitacio\">[vc_column_text]Les <strong>entitats del tercer sector\u00a0<\/strong>amb les quals col\u00b7labora Fundaci\u00f3 Naturgy proposen els llars\u00a0socials\u00a0habitades\u00a0per fam\u00edlies que atenen en els seus programes de vulnerabilitat.<\/p>\n<p>Tamb\u00e9 es consideren les llars socials\u00a0proposades pels\u00a0<strong>organismes p\u00fablics<\/strong>.[\/vc_column_text]<\/div><\/li><li class=\"accordion-navigation\"><a href=\"#panelcom-es-prioritzen-els-projectes\">Com es prioritzen els projectes?<\/a><div class=\"content\" id=\"panelcom-es-prioritzen-els-projectes\">[vc_column_text]Es dona prefer\u00e8ncia als projectes que atenguin els<strong>\u00a0col\u00b7lectius m\u00e9s vulnerables i amb necessitats m\u00e9s urgents<\/strong>. Sempre es t\u00e9 en compte l\u2019estabilitat de la fam\u00edlia, aix\u00ed com la perman\u00e8ncia en la llar\u00a0on es realitza la intervenci\u00f3.[\/vc_column_text]<\/div><\/li><li class=\"accordion-navigation\"><a href=\"#panelcom-es-realitza-el-seguiment-de-les-actuacions\">Com es realitza el seguiment de les actuacions?<\/a><div class=\"content\" id=\"panelcom-es-realitza-el-seguiment-de-les-actuacions\">[vc_column_text]La Fundaci\u00f3 Naturgy fa un\u00a0<strong>seguiment de totes les propostes i de les intervencions executades<\/strong>\u00a0a les llars, a fi de contrastar el confort i la despesa energ\u00e8tica. Anualment, elabora un<strong>\u00a0informe de seguiment del Fons<\/strong>, en el qual s\u2019inclouen\u00a0les actuacions efectuades, els beneficiaris i el benefici aportat, que es far\u00e0 p\u00fablic al web de la Fundaci\u00f3.[\/vc_column_text]<\/div><\/li><\/ul><\/div>[\/vc_column][\/vc_row][vc_row][vc_column][vc_empty_space][\/vc_column][\/vc_row][vc_row][vc_column width=&#8221;1\/3&#8243;]<a class=\"gnf-boton oscuro left\" href=\"https:\/\/www.fundacionnaturgy.org\/wp-content\/uploads\/2022\/11\/2022-11-15-Fondo-Solidario-de-Rehabilitacion-Energetica.pdf\" title=\"\" target=\"_blank\">Reglament del Fons<\/a>[\/vc_column][vc_column width=&#8221;1\/3&#8243;][\/vc_column][vc_column width=&#8221;1\/3&#8243;][\/vc_column][\/vc_row][vc_row][vc_column][vc_empty_space][\/vc_column][\/vc_row]<\/p>\n","protected":false},"excerpt":{"rendered":"<p>[vc_row][vc_column][vc_column_text] Suma\u2019t al Fons! [\/vc_column_text][vc_column_text] Realitzem intervencions expr\u00e9s i de baix cost per millorar l\u2019efici\u00e8ncia energ\u00e8tica de les llars de fam\u00edlies vulnerables. [\/vc_column_text][\/vc_column][\/vc_row][vc_row][vc_column][vc_column_text]La rehabilitaci\u00f3 expr\u00e9s ha estat consolidada com una<span class=\"more-link\"><a href=\"https:\/\/www.fundacionnaturgy.org\/ca\/accio-social\/pla-de-vulnerabilitat-energetica\/fons-solidari-de-rehabilitacio-energetica\/\">Llegir m\u00e9s<\/a><\/span><\/p>\n","protected":false},"author":1454,"featured_media":0,"parent":45305,"menu_order":0,"comment_status":"closed","ping_status":"closed","template":"templates\/full-width.php","meta":{"inline_featured_image":false},"categories":[],"acf":[],"_links":{"self":[{"href":"https:\/\/www.fundacionnaturgy.org\/ca\/wp-json\/wp\/v2\/pages\/47129"}],"collection":[{"href":"https:\/\/www.fundacionnaturgy.org\/ca\/wp-json\/wp\/v2\/pages"}],"about":[{"href":"https:\/\/www.fundacionnaturgy.org\/ca\/wp-json\/wp\/v2\/types\/page"}],"author":[{"embeddable":true,"href":"https:\/\/www.fundacionnaturgy.org\/ca\/wp-json\/wp\/v2\/users\/1454"}],"replies":[{"embeddable":true,"href":"https:\/\/www.fundacionnaturgy.org\/ca\/wp-json\/wp\/v2\/comments?post=47129"}],"version-history":[{"count":0,"href":"https:\/\/www.fundacionnaturgy.org\/ca\/wp-json\/wp\/v2\/pages\/47129\/revisions"}],"up":[{"embeddable":true,"href":"https:\/\/www.fundacionnaturgy.org\/ca\/wp-json\/wp\/v2\/pages\/45305"}],"wp:attachment":[{"href":"https:\/\/www.fundacionnaturgy.org\/ca\/wp-json\/wp\/v2\/media?parent=47129"}],"wp:term":[{"taxonomy":"category","embeddable":true,"href":"https:\/\/www.fundacionnaturgy.org\/ca\/wp-json\/wp\/v2\/categories?post=47129"}],"curies":[{"name":"wp","href":"https:\/\/api.w.org\/{rel}","templated":true}]}}