{"id":60951,"date":"2019-03-26T17:36:29","date_gmt":"2019-03-26T16:36:29","guid":{"rendered":"https:\/\/www.fundacionnaturgy.org\/energia-i-medi-ambient-2\/energy-prospectives\/"},"modified":"2025-12-19T12:31:53","modified_gmt":"2025-12-19T11:31:53","slug":"energy-prospectives","status":"publish","type":"page","link":"https:\/\/www.fundacionnaturgy.org\/ca\/energia-i-medi-ambient-2\/seminaris-jornades-i-forums-tecnologics\/energy-prospectives\/","title":{"rendered":"Energy Prospectives, amb IESE Business School"},"content":{"rendered":"<p>[vc_row][vc_column][vc_column_text]<\/p>\n<h2><strong>Qu\u00e8 ens ofereix el futur energ\u00e8tic?<\/strong><\/h2>\n<p>[\/vc_column_text][\/vc_column][\/vc_row][vc_row][vc_column][vc_column_text]Juntament amb l\u2019IESE Business School, el 2019 vam llan\u00e7ar\u00a0<em>Energy Prospectives<\/em>, un seguit de<strong>\u00a0converses<\/strong>\u00a0d\u2019alt nivell sobre les condicions econ\u00f2miques, t\u00e8cniques i cient\u00edfiques que s\u2019entreveuen per al\u00a0<strong>futur del sector energ\u00e8tic.<\/strong><\/p>\n<p><em>Energy Prospectives<\/em>\u00a0reuneix figures reconegudes de l\u2019\u00e0mbit internacional i nacional per la seva experi\u00e8ncia, visi\u00f3 i coneixement del sector energ\u00e8tic, i les apropa a empresaris, reguladors, directius i acad\u00e8mics.<strong>\u00a0<\/strong>En les sessions, que tenen lloc al campus de l\u2019IESE de Madrid, participen dos ponents moderats per un professor de l\u2019IESE, i despr\u00e9s de les intervencions s\u2019entaula un debat obert amb els assistents.[\/vc_column_text]<a class=\"gnf-boton oscuro left\" href=\"https:\/\/www.iese.edu\/es\/\" title=\"\" target=\"_blank\">Anar a IESE Business School<\/a>[\/vc_column][\/vc_row][vc_row][vc_column][vc_empty_space height=&#8221;64px&#8221;][\/vc_column][\/vc_row][vc_row][vc_column][vc_row_inner][vc_column_inner width=&#8221;1\/2&#8243;][vc_video link=&#8221;https:\/\/www.youtube.com\/watch?v=skk7RtDK1Ek&amp;t&#8221; el_width=&#8221;80&#8243;][vc_column_text]<\/p>\n<h4><strong>Energy Prospectives #21<\/strong> &#8211; Economia i energia<\/h4>\n<p><span style=\"color: #004571;\">13 de novembre de 2025<\/span><\/p>\n<p><span style=\"color: #004571;\"><strong>Jennifer M. Granholm<br \/>\n<\/strong>Exsecret\u00e0ria del Departament d&#8217;Energia dels Estats Units<br \/>\n<\/span><\/p>\n<p><span style=\"color: #004571;\"><strong>Martin Wolf<br \/>\n<\/strong>Eitor adjunt i columnista en cap d&#8217;Economia al Financial Times<\/span>[\/vc_column_text]<a class=\"gnf-boton oscuro left\" href=\"https:\/\/www.youtube.com\/watch?v=enTWLKLTqyI&amp;t\" title=\"\" target=\"_blank\">Veure v\u00eddeo complet<\/a>[\/vc_column_inner][vc_column_inner width=&#8221;1\/2&#8243;][vc_single_image image=&#8221;94519&#8243; img_size=&#8221;full&#8221;][vc_column_text]<\/p>\n<h4><strong>Energy Prospectives #20<\/strong> &#8211; Sessi\u00f3 especial<\/h4>\n<p><span style=\"color: #004571;\">4 de novembre de 2025<\/span><\/p>\n<p><span style=\"color: #004571;\"><strong>Mario Draghi<br \/>\n<\/strong>President del Consell de Ministres d&#8217;It\u00e0lia des del febrer del 2021 fins a l&#8217;octubre del 2022<\/span>[\/vc_column_text][\/vc_column_inner][\/vc_row_inner][vc_empty_space height=&#8221;64px&#8221;][vc_row_inner][vc_column_inner width=&#8221;1\/2&#8243;][vc_video link=&#8221;https:\/\/youtu.be\/R_gBe2u1I_o&#8221; el_width=&#8221;80&#8243;][vc_column_text]<\/p>\n<h4><strong>Energy Prospectives #19<\/strong> &#8211; Pol\u00edtica clim\u00e0tica i geoestrat\u00e8gia<\/h4>\n<p><span style=\"color: #004571;\">2 de juliol de 2025<\/span><\/p>\n<p><span style=\"color: #004571;\"><strong>Edward Chancellor<br \/>\n<\/strong>Especialista en estrat\u00e8gia d&#8217;inversi\u00f3 i periodista<\/span><\/p>\n<p><span style=\"color: #004571;\"><strong>Gonzalo Escribano<br \/>\n<\/strong>Director del Programa d&#8217;Energia i Clima del Reial Institut Elcano i professor de Pol\u00edtica Econ\u00f2mica al Departament d&#8217;Economia Aplicada de la UNED<\/span>[\/vc_column_text]<a class=\"gnf-boton oscuro left\" href=\"https:\/\/youtu.be\/qx8rQo-DlxY\" title=\"\" target=\"_blank\">Veure v\u00eddeo complet<\/a>[\/vc_column_inner][vc_column_inner width=&#8221;1\/2&#8243;][vc_video link=&#8221;https:\/\/www.youtube.com\/watch?v=z7dBW6JiG8Q&#8221; el_width=&#8221;80&#8243;][vc_column_text]<\/p>\n<h4><strong>Energy Prospectives #18<\/strong> &#8211; Seguretat i transici\u00f3 energ\u00e8tica en un context geopol\u00edtic canviant<\/h4>\n<p><span style=\"color: #004571;\">8 d&#8217;abril de 2025<\/span><\/p>\n<p><span style=\"color: #004571;\"><strong>Fatih Birol<br \/>\n<\/strong>Director executiu de l&#8217;Ag\u00e8ncia Internacional de l&#8217;Energia (AIE)<br \/>\n<\/span>[\/vc_column_text][\/vc_column_inner][\/vc_row_inner][vc_empty_space height=&#8221;64px&#8221;][vc_row_inner][vc_column_inner width=&#8221;1\/2&#8243;][vc_video link=&#8221;https:\/\/youtu.be\/xIM8wOEzxUw&#8221; el_width=&#8221;80&#8243;][vc_column_text]<\/p>\n<h4><strong>Energy Prospectives #17<\/strong> &#8211;\u00a0 Energia, competitivitat i regulaci\u00f3<\/h4>\n<p><span style=\"color: #004571;\">27 de novembre de 2024<\/span><\/p>\n<p><span style=\"color: #004571;\"><strong>Alberto Pototshnig<br \/>\n<\/strong>Economista especialitzat en pol\u00edtiques energ\u00e8tiques, regulaci\u00f3 i disseny de mercats, amb enfocament als mercats europeus<br \/>\n<\/span><\/p>\n<p><span style=\"color: #004571;\"><b>Nick Butler<\/b><\/span><br \/>\n<span style=\"color: #004571;\">Economista especialitzat en energia, centrat en els aspectes econ\u00f2mics i pol\u00edtics de la transici\u00f3<\/span>[\/vc_column_text]<a class=\"gnf-boton oscuro left\" href=\"https:\/\/youtu.be\/nvQjbD-n7M8\" title=\"\" target=\"_blank\">Veure v\u00eddeo complet<\/a>[\/vc_column_inner][vc_column_inner width=&#8221;1\/2&#8243;][vc_video link=&#8221;https:\/\/youtu.be\/usyz4pGLcQo&#8221; el_width=&#8221;80&#8243;][vc_column_text]<\/p>\n<h4><strong>Energy Prospectives #16<\/strong> &#8211;\u00a0 Govern i energia<\/h4>\n<p><span style=\"color: #004571;\">19 de juny de 2024<\/span><\/p>\n<p><span style=\"color: #004571;\"><strong>Joseph Eugene Stiglitz<br \/>\n<\/strong>Premi Nobel de Ci\u00e8ncies Econ\u00f2miques el 2001<br \/>\n<\/span><\/p>\n<p><strong><span style=\"color: #004571;\">Jos\u00e9 Manuel Dur\u00e3o Barroso<\/span><\/strong><br \/>\n<span style=\"color: #004571;\">President de la Comissi\u00f3 Europea 2004-2014<\/span>[\/vc_column_text][vc_empty_space]<a class=\"gnf-boton oscuro left\" href=\"https:\/\/youtu.be\/GzsJyXWyK2w\" title=\"\" target=\"_blank\">Veure v\u00eddeo complet<\/a>[\/vc_column_inner][\/vc_row_inner][vc_empty_space height=&#8221;64px&#8221;][vc_row_inner][vc_column_inner width=&#8221;1\/2&#8243;][vc_video link=&#8221;https:\/\/youtu.be\/RvnG3jGlMbg&#8221; el_width=&#8221;80&#8243;][vc_column_text]<\/p>\n<h4><strong>Energy Prospectives #15<\/strong> &#8211; Transici\u00f3 energ\u00e8tica i desenvolupament d&#8217;energies renovables<\/h4>\n<p><span style=\"color: #004571;\">4 d&#8217;abril de 2024<\/span><\/p>\n<p><span style=\"color: #004571;\"><strong>Francesco La Camera<br \/>\n<\/strong>Director general de l&#8217;Ag\u00e8ncia Internacional d&#8217;Energies Renovables (IRENA)<br \/>\n<\/span><\/p>\n<p><strong><span style=\"color: #004571;\">Arnaud De Giovanni<\/span><\/strong><br \/>\n<span style=\"color: #004571;\">L\u00edder mundial en energies renovables a EY<\/span>[\/vc_column_text]<a class=\"gnf-boton oscuro left\" href=\"https:\/\/youtu.be\/0MlFe33Vklc\" title=\"\" target=\"_blank\">Veure v\u00eddeo complet<\/a>[\/vc_column_inner][vc_column_inner width=&#8221;1\/2&#8243;][vc_video link=&#8221;https:\/\/youtu.be\/d8NZ9jstqTo&#8221; el_width=&#8221;80&#8243;][vc_column_text]<\/p>\n<h4><strong>Energy Prospectives #14<\/strong> &#8211; Energia, una visi\u00f3 general<\/h4>\n<p><span style=\"color: #004571;\">10 d&#8217;octubre de 2023<\/span><\/p>\n<p><span style=\"color: #004571;\"><strong>Carlos Pascual<br \/>\n<\/strong>Vicepresident s\u00e8nior d&#8217;Energia Global i Afers Internacionals de S&amp;P Global Commodity Insights..<\/span><\/p>\n<p><span style=\"color: #004571;\"><strong>Thomas Schlaak<br \/>\n<\/strong>Responsable mundial del sector d&#8217;Energia, Serveis P\u00fablics i Energies Renovables (PU&amp;R), Deloitte.<\/span>[\/vc_column_text]<a class=\"gnf-boton oscuro left\" href=\"https:\/\/youtu.be\/zElMeQibHA4\" title=\"\" target=\"_blank\">Veure v\u00eddeo complet<\/a>[\/vc_column_inner][\/vc_row_inner][vc_empty_space height=&#8221;64px&#8221;][vc_row_inner][vc_column_inner width=&#8221;1\/2&#8243;][vc_video link=&#8221;https:\/\/www.youtube.com\/watch?v=CiJsrytk1Ms&#8221; el_width=&#8221;80&#8243;][vc_column_text]<\/p>\n<h4><strong>Energy Prospectives #13<\/strong> &#8211; Configurant el futur: perspectives regulat\u00f2ries sobre la transici\u00f3 energ\u00e8tica<\/h4>\n<p><span style=\"color: #004571;\"><strong>Christian Zinglersen<br \/>\n<\/strong>Director de l&#8217;Ag\u00e8ncia de la UE per a la Cooperaci\u00f3 dels Reguladors d&#8217;Energia (ACER).<\/span><\/p>\n<p><span style=\"color: #004571;\"><strong>Cani Fern\u00e1ndez<br \/>\n<\/strong>Presidenta de la Comissi\u00f3 Nacional dels Mercats i la Compet\u00e8ncia (CNMC).<\/span>[\/vc_column_text]<a class=\"gnf-boton oscuro left\" href=\"https:\/\/youtu.be\/pswNuCYdYCY\" title=\"\" target=\"_blank\">Veure v\u00eddeo complet<\/a>[\/vc_column_inner][vc_column_inner width=&#8221;1\/2&#8243;][vc_video link=&#8221;https:\/\/www.youtube.com\/watch?v=tLnfGmAzyJk&#8221; el_width=&#8221;80&#8243;][vc_column_text]<\/p>\n<h4><strong>Energy Prospectives #12<br \/>\n<\/strong>Pol\u00edtica y energia<strong><br \/>\n<\/strong><\/h4>\n<p><span style=\"color: #004571;\"><strong>Felipe Gonz\u00e1lez<\/strong><\/span><br \/>\n<span style=\"color: #004571;\">President\u00a0del Govern d&#8217;Espanya (1982-1996).<\/span><\/p>\n<p><span style=\"color: #004571;\"><strong>Jos\u00e9 Mar\u00eda Aznar<\/strong><\/span><br \/>\n<span style=\"color: #004571;\">President\u00a0del Govern d&#8217;Espanya (1996-2004).<\/span>[\/vc_column_text][vc_empty_space height=&#8221;74px&#8221;]<a class=\"gnf-boton oscuro left\" href=\"https:\/\/www.youtube.com\/watch?v=iBgJ68KSAmE\" title=\"\" target=\"_blank\">Veure v\u00eddeo complet<\/a>[\/vc_column_inner][\/vc_row_inner][vc_empty_space height=&#8221;64px&#8221;][vc_row_inner][vc_column_inner width=&#8221;1\/2&#8243;][vc_video link=&#8221;https:\/\/www.youtube.com\/watch?v=nsvxnFjNNzI&#8221; el_width=&#8221;80&#8243;][vc_column_text]<\/p>\n<h4><strong>Energy Prospectives #11 <\/strong>&#8211; Transici\u00f3 energ\u00e8tica, impacte a l&#8217;economia i al mercat laboral<strong><br \/>\n<\/strong><\/h4>\n<p><span style=\"color: #004571;\"><strong>Luis de Guindos<\/strong><\/span><br \/>\n<span style=\"color: #004571;\">Vicepresident del Banc Central Europeu i exministre d&#8217;Economia, Ind\u00fastria i Competitivitat.<\/span><\/p>\n<p><span style=\"color: #004571;\"><strong>Christopher Pissarides<\/strong><\/span><br \/>\n<span style=\"color: #004571;\">Professor de l&#8217;Escola d\u00b4Economia i Ci\u00e8ncies Pol\u00edtiques, London School of Economics. Premi Nobel de Ci\u00e8ncies Econ\u00f2miques, 2010.<\/span>[\/vc_column_text]<a class=\"gnf-boton oscuro left\" href=\"https:\/\/youtu.be\/B980XGTA1g4\" title=\"\" target=\"_blank\">Veure v\u00eddeo complet<\/a>[\/vc_column_inner][vc_column_inner width=&#8221;1\/2&#8243;][vc_video link=&#8221;https:\/\/www.youtube.com\/watch?v=ac4meCDHsB0&#8243; el_width=&#8221;80&#8243;][vc_column_text]<\/p>\n<h4><strong>Energy Prospectives #10 <\/strong>&#8211; Visions de la transici\u00f3 energ\u00e8tica: Calif\u00f2rnia i Europa<strong><br \/>\n<\/strong><\/h4>\n<p><span style=\"color: #004571;\"><strong>Klaus-Dieter Borchardt<\/strong><\/span><br \/>\n<span style=\"color: #004571;\">Exdirector general adjunt d&#8217;Energia de la Comissi\u00f3 Europea. Assessor s\u00e8nior d&#8217;Energia a Baker Mckenzie a Brussel\u00b7les.<\/span><\/p>\n<p><span style=\"color: #004571;\"><strong>Hannon Rasool<\/strong><\/span><br \/>\n<span style=\"color: #004571;\">Director adjunt de California Energy Commission. Responsable de la Divisi\u00f3 de Transport i Combustibles.<\/span>[\/vc_column_text][vc_empty_space height=&#8221;34px&#8221;]<a class=\"gnf-boton oscuro left\" href=\"https:\/\/youtu.be\/2IGY1jH3DrE\" title=\"\" target=\"_blank\">Veure v\u00eddeo complet<\/a>[\/vc_column_inner][\/vc_row_inner][vc_empty_space height=&#8221;64px&#8221;][vc_row_inner][vc_column_inner width=&#8221;1\/2&#8243;][vc_video link=&#8221;https:\/\/www.youtube.com\/watch?v=1&#8211;jrxbK6kU&amp;t&#8221; el_width=&#8221;80&#8243;][vc_column_text]<\/p>\n<h4><strong>Energy Prospectives #9 <\/strong>&#8211; Pol\u00edtica i transici\u00f3 energ\u00e8tica<\/h4>\n<p><span style=\"color: #004571;\"><strong>\u00c1lvaro Nadal<\/strong><\/span><br \/>\n<span style=\"color: #004571;\">Conseller econ\u00f2mic i comercial en cap a l&#8217;Oficina Econ\u00f2mica i Comercial d&#8217;Espanya a Londres. Ex-ministre d&#8217;Energia, Turisme i Agenda Digital d&#8217;Espanya.<\/span><\/p>\n<p><span style=\"color: #004571;\"><strong>Jordi Sevilla<\/strong><\/span><br \/>\n<span style=\"color: #004571;\">Consultor econ\u00f2mic a Llorente &amp; Cuenca, expresident de Red El\u00e9ctrica de Espa\u00f1a i ex ministre d&#8217;Administracions P\u00fabliques.<\/span>[\/vc_column_text]<a class=\"gnf-boton oscuro left\" href=\"https:\/\/youtu.be\/tEYGizpBxBE\" title=\"\" target=\"_blank\">Veure v\u00eddeo complet<\/a>[\/vc_column_inner][vc_column_inner width=&#8221;1\/2&#8243;][vc_video link=&#8221;https:\/\/www.youtube.com\/watch?v=XPm-foBTBvA&amp;t&#8221; el_width=&#8221;80&#8243;][vc_column_text]<\/p>\n<h4><strong>Energy Prospectives #8<\/strong><\/h4>\n<p><span style=\"color: #004571;\"><strong>Pablo Hern\u00e1ndez de Cos<\/strong><\/span><br \/>\n<span style=\"color: #004571;\">Governador del Banc d&#8217;Espanya.<\/span><\/p>\n<p><span style=\"color: #004571;\"><strong>Martin Wolf<\/strong><\/span><br \/>\n<span style=\"color: #004571;\">Editor adjunt i columnista en Cap d&#8217;Economia del Financial Times.<\/span>[\/vc_column_text]<a class=\"gnf-boton oscuro left\" href=\"https:\/\/youtu.be\/YtWAibpJZg8\" title=\"\" target=\"_blank\">Veure v\u00eddeo complet<\/a>[\/vc_column_inner][\/vc_row_inner][vc_empty_space height=&#8221;64px&#8221;][vc_row_inner][vc_column_inner width=&#8221;1\/2&#8243;][vc_video link=&#8221;https:\/\/www.youtube.com\/watch?v=b-w-o_3auGM&#8221; el_width=&#8221;80&#8243;][vc_column_text]<\/p>\n<h4><strong>Energy Prospectives #7<\/strong><\/h4>\n<p><span style=\"color: #004571;\"><strong>Cristina Lobillo Borrero<\/strong><\/span><br \/>\n<span style=\"color: #004571;\">Directora de Pol\u00edtica Energ\u00e8tica de la Comissi\u00f3 Europea.<\/span><\/p>\n<p><span style=\"color: #004571;\"><strong>Nemesio Fern\u00e1ndez-Cuesta<\/strong><\/span><br \/>\n<span style=\"color: #004571;\">President Eolia Renovables i exsecretari d&#8217;Estat d&#8217;Energia.<\/span>[\/vc_column_text]<a class=\"gnf-boton oscuro left\" href=\"https:\/\/youtu.be\/Ou-HljmbSf0\" title=\"\" target=\"_blank\">Veure v\u00eddeo complet<\/a>[\/vc_column_inner][vc_column_inner width=&#8221;1\/2&#8243;][vc_video link=&#8221;https:\/\/www.youtube.com\/watch?v=5258KgZ_KZo&#8221; el_width=&#8221;80&#8243;][vc_column_text]<\/p>\n<h4><strong>Energy Prospectives #6<\/strong><\/h4>\n<p><span style=\"color: #004571;\"><strong>Gonzalo Escribano<\/strong><\/span><br \/>\n<span style=\"color: #004571;\">Director del Programa d&#8217;Energia i Canvi Clim\u00e0tic del Real Instituto Elcano.<\/span><\/p>\n<p><span style=\"color: #004571;\"><strong>Thomas Vahlenkamp<\/strong><\/span><br \/>\n<span style=\"color: #004571;\">L\u00edder Global de l&#8217;\u00c0rea d&#8217;Energia i Materials de McKinsey &amp; Company.<\/span>[\/vc_column_text]<a class=\"gnf-boton oscuro left\" href=\"https:\/\/youtu.be\/VFeNiEW-VlQ\" title=\"\" target=\"_blank\">Veure v\u00eddeo complet<\/a>[\/vc_column_inner][\/vc_row_inner][vc_empty_space height=&#8221;64px&#8221;][vc_row_inner][vc_column_inner width=&#8221;1\/2&#8243;][vc_video link=&#8221;https:\/\/www.youtube.com\/watch?v=Odp7t7aAT1U&#8221; el_width=&#8221;80&#8243;][vc_column_text]<\/p>\n<h4><strong>Energy Prospectives #5<\/strong><\/h4>\n<p><span style=\"color: #004571;\"><strong>Miguel Arias Ca\u00f1ete<\/strong><\/span><br \/>\n<span style=\"color: #004571;\">Comissari Europeu d&#8217;Acci\u00f3 pel Clima i Energia entre el 2014 i el 2019.<\/span><\/p>\n<p><span style=\"color: #004571;\"><strong>Luis Atienza<\/strong><\/span><br \/>\n<span style=\"color: #004571;\">Expresident de REE.<\/span>[\/vc_column_text]<a class=\"gnf-boton oscuro left\" href=\"https:\/\/youtu.be\/pFR-VoDK_F0\" title=\"\" target=\"_blank\">Veure v\u00eddeo complet<\/a>[\/vc_column_inner][vc_column_inner width=&#8221;1\/2&#8243;][vc_video link=&#8221;https:\/\/youtu.be\/bbfh5tv15_w&#8221; el_width=&#8221;80&#8243;][vc_column_text]<\/p>\n<h4><strong>Energy Prospectives #4<\/strong><\/h4>\n<p><span style=\"color: #004571;\"><strong>Christophe Brougnaux<\/strong><\/span><br \/>\n<span style=\"color: #004571;\">Director i Soci S\u00e8nior de Boston Consulting Group (BCG).<\/span><\/p>\n<p><span style=\"color: #004571;\"><strong>Eva Valle<\/strong><\/span><br \/>\n<span style=\"color: #004571;\">Fundadora de la consultora econ\u00f2mica QED Economics i exdirectora de l&#8217;Oficina Econ\u00f2mica del President del Govern.<\/span>[\/vc_column_text]<a class=\"gnf-boton oscuro left\" href=\"https:\/\/youtu.be\/6Y676-T5mq8\" title=\"\" target=\"_blank\">Veure v\u00eddeo complet<\/a>[\/vc_column_inner][\/vc_row_inner][vc_empty_space height=&#8221;64px&#8221;][vc_row_inner][vc_column_inner width=&#8221;1\/2&#8243;][vc_video link=&#8221;https:\/\/www.youtube.com\/watch?v=awkyD4hcazU&#8221; el_width=&#8221;80&#8243;][vc_column_text]<\/p>\n<h4><strong>Energy Prospectives #3<\/strong><\/h4>\n<p><span style=\"color: #004571;\"><strong>Andris Piebalgs<\/strong><\/span><br \/>\n<span style=\"color: #004571;\">Ex-comissari d&#8217;energia de la UE (2004-2009).<\/span><\/p>\n<p><span style=\"color: #004571;\"><strong>Jorge Padilla<\/strong><\/span><br \/>\n<span style=\"color: #004571;\">Senior Managing Director, Head of Compass Lexecon Europe.<\/span>[\/vc_column_text]<a class=\"gnf-boton oscuro left\" href=\"https:\/\/youtu.be\/rvQpgdPGky8\" title=\"\" target=\"_blank\">Veure v\u00eddeo complet<\/a>[\/vc_column_inner][vc_column_inner width=&#8221;1\/2&#8243;][vc_video link=&#8221;https:\/\/www.youtube.com\/watch?v=XiZCQHHl5Xc&#8221; el_width=&#8221;80&#8243;][vc_column_text]<\/p>\n<h4><strong>Energy Prospectives #2<\/strong><\/h4>\n<p><span style=\"color: #004571;\"><strong>Christopher Jones<\/strong><\/span><br \/>\n<span style=\"color: #004571;\">European University Institute, Florence School of Regulation.<\/span><\/p>\n<p><span style=\"color: #004571;\"><strong>Ignacio P\u00e9rez Arriaga<\/strong><\/span><br \/>\n<span style=\"color: #004571;\">Expert en mercat el\u00e8ctric i fundador de l&#8217;Institut de Recerca Tecnol\u00f2gica de la Universitat Pontif\u00edcia Comillas.<\/span>[\/vc_column_text]<a class=\"gnf-boton oscuro left\" href=\"https:\/\/youtu.be\/ongTAjaSWzQ\" title=\"\" target=\"_blank\">Veure v\u00eddeo complet<\/a>[\/vc_column_inner][\/vc_row_inner][vc_empty_space height=&#8221;64px&#8221;][vc_row_inner][vc_column_inner width=&#8221;1\/2&#8243;][vc_video link=&#8221;https:\/\/www.youtube.com\/watch?v=mrs4izoCnic&amp;t&#8221; el_width=&#8221;80&#8243;][vc_column_text]<\/p>\n<h4><strong>Energy Prospectives #1<\/strong><\/h4>\n<p><span style=\"color: #004571;\"><strong>Michael Liebreich<\/strong><\/span><br \/>\n<span style=\"color: #004571;\">Fundador de Bloomberg New Energy Finance.<\/span><\/p>\n<p><span style=\"color: #004571;\"><strong>Claudio Aranzadi<\/strong><\/span><br \/>\n<span style=\"color: #004571;\">Ex ministre d&#8217;Ind\u00fastria i Energia.<\/span>[\/vc_column_text]<a class=\"gnf-boton oscuro left\" href=\"https:\/\/youtu.be\/Ye9z1rtvqGs\" title=\"\" target=\"_blank\">Veure v\u00eddeo complet<\/a>[\/vc_column_inner][vc_column_inner width=&#8221;1\/2&#8243;][\/vc_column_inner][\/vc_row_inner][vc_empty_space height=&#8221;64px&#8221;][\/vc_column][\/vc_row][vc_row css=&#8221;.vc_custom_1649239145097{border-top-width: 1px !important;border-right-width: 1px !important;border-bottom-width: 1px !important;border-left-width: 1px !important;border-left-color: #e5ecf1 !important;border-left-style: solid !important;border-right-color: #e5ecf1 !important;border-right-style: solid !important;border-top-color: #e5ecf1 !important;border-top-style: solid !important;border-bottom-color: #e5ecf1 !important;border-bottom-style: solid !important;}&#8221;][vc_column width=&#8221;1\/4&#8243;][vc_single_image image=&#8221;81678&#8243; img_size=&#8221;full&#8221; alignment=&#8221;right&#8221;][\/vc_column][vc_column width=&#8221;3\/4&#8243;][vc_column_text]<\/p>\n<h4><strong>Per a m\u00e9s informaci\u00f3<\/strong><\/h4>\n<p>Pots seguir l\u2019enlla\u00e7 seg\u00fcent: <a href=\"https:\/\/industrymeetings.iese.edu\/es\/meeting\/11-energy-prospectives\/\" target=\"_blank\" rel=\"noopener\">www.iese.edu\/EnergyProspectives<\/a>[\/vc_column_text][\/vc_column][\/vc_row]<\/p>\n","protected":false},"excerpt":{"rendered":"<p>[vc_row][vc_column][vc_column_text] Qu\u00e8 ens ofereix el futur energ\u00e8tic? [\/vc_column_text][\/vc_column][\/vc_row][vc_row][vc_column][vc_column_text]Juntament amb l\u2019IESE Business School, el 2019 vam llan\u00e7ar\u00a0Energy Prospectives, un seguit de\u00a0converses\u00a0d\u2019alt nivell sobre les condicions econ\u00f2miques, t\u00e8cniques i cient\u00edfiques que s\u2019entreveuen<span class=\"more-link\"><a href=\"https:\/\/www.fundacionnaturgy.org\/ca\/energia-i-medi-ambient-2\/seminaris-jornades-i-forums-tecnologics\/energy-prospectives\/\">Llegir m\u00e9s<\/a><\/span><\/p>\n","protected":false},"author":1454,"featured_media":0,"parent":73281,"menu_order":0,"comment_status":"closed","ping_status":"closed","template":"templates\/full-width.php","meta":{"inline_featured_image":false},"categories":[],"acf":[],"_links":{"self":[{"href":"https:\/\/www.fundacionnaturgy.org\/ca\/wp-json\/wp\/v2\/pages\/60951"}],"collection":[{"href":"https:\/\/www.fundacionnaturgy.org\/ca\/wp-json\/wp\/v2\/pages"}],"about":[{"href":"https:\/\/www.fundacionnaturgy.org\/ca\/wp-json\/wp\/v2\/types\/page"}],"author":[{"embeddable":true,"href":"https:\/\/www.fundacionnaturgy.org\/ca\/wp-json\/wp\/v2\/users\/1454"}],"replies":[{"embeddable":true,"href":"https:\/\/www.fundacionnaturgy.org\/ca\/wp-json\/wp\/v2\/comments?post=60951"}],"version-history":[{"count":20,"href":"https:\/\/www.fundacionnaturgy.org\/ca\/wp-json\/wp\/v2\/pages\/60951\/revisions"}],"predecessor-version":[{"id":94539,"href":"https:\/\/www.fundacionnaturgy.org\/ca\/wp-json\/wp\/v2\/pages\/60951\/revisions\/94539"}],"up":[{"embeddable":true,"href":"https:\/\/www.fundacionnaturgy.org\/ca\/wp-json\/wp\/v2\/pages\/73281"}],"wp:attachment":[{"href":"https:\/\/www.fundacionnaturgy.org\/ca\/wp-json\/wp\/v2\/media?parent=60951"}],"wp:term":[{"taxonomy":"category","embeddable":true,"href":"https:\/\/www.fundacionnaturgy.org\/ca\/wp-json\/wp\/v2\/categories?post=60951"}],"curies":[{"name":"wp","href":"https:\/\/api.w.org\/{rel}","templated":true}]}}