{"id":62175,"date":"2019-05-01T10:52:19","date_gmt":"2019-05-01T08:52:19","guid":{"rendered":"https:\/\/www.fundacionnaturgy.org\/divulgacio\/experiencies-itinerants\/exposicions-itinerants\/energia\/fent-historia-a-mexic-i-al-mon-ciutat-de-mexic-mexic\/"},"modified":"2019-05-06T15:16:40","modified_gmt":"2019-05-06T13:16:40","slug":"fent-historia-a-mexic-i-al-mon-ciutat-de-mexic-mexic","status":"publish","type":"page","link":"https:\/\/www.fundacionnaturgy.org\/ca\/educacio-divulgacio\/experiencies-itinerants\/exposicions-itinerants\/energia\/fent-historia-a-mexic-i-al-mon-ciutat-de-mexic-mexic\/","title":{"rendered":"Fent hist\u00f2ria a M\u00e8xic i al m\u00f3n \u2013 Ciutat de M\u00e8xic (M\u00e8xic)"},"content":{"rendered":"<p>[vc_row][vc_column width=&#8221;2\/3&#8243;][vc_single_image image=&#8221;62136&#8243; img_size=&#8221;large&#8221;][\/vc_column][vc_column width=&#8221;1\/3&#8243;]<div class=\"gnf-texto-destacado\" style=\"background-color:#edf0f1;border-color:#004165;\"><h4 style=\"color:#004165\">Ubicaci\u00f3<\/h4><b>Seu\u00a0Naturgy M\u00e8xic<br \/>\n<\/b>Avinguda\u00a0Horacio 1750, Polanco<br \/>\n11550 Ciutat\u00a0de M\u00e8xic, CDMX (M\u00e8xic)<\/p>\n<p>Entrada\u00a0gratu\u00efta<\/div>[vc_empty_space][\/vc_column][\/vc_row][vc_row][vc_column][vc_column_text]<\/p>\n<h2><b>25\/05\/2017 &#8211; 30\/06\/2017<\/b>\u00a0\u2013 <b>Ciutat\u00a0de M\u00e8xic\u00a0(M\u00e8xic)<\/b><\/h2>\n<p>[\/vc_column_text][vc_column_text]Del 25 de maig al 30 de juny de 2017, amb motiu de la inauguraci\u00f3 de la seu Gas Natural Fenosa a M\u00e8xic, presentem una exposici\u00f3 titulada <strong>\u201cFent hist\u00f2ria a M\u00e8xic i al m\u00f3n\u201d<\/strong>, que proposa un recorregut per l\u2019evoluci\u00f3 energ\u00e8tica del pa\u00eds a trav\u00e9s dels canvis socials que va provocar l\u2019aplicaci\u00f3 de les noves tecnologies i els nous invents, aix\u00ed com una reflexi\u00f3 sobre el present i el futur de les energies.<\/p>\n<p><strong>Fent hist\u00f2ria a M\u00e8xic i al m\u00f3n<\/strong> permet descobrir la hist\u00f2ria i les particularitats de la ind\u00fastria de l\u2019energia a M\u00e8xic. Durant els vint anys de pres\u00e8ncia al pa\u00eds, la companyia ha ofert serveis energ\u00e8tics innovadors, promovent el respecte pel medi ambient i l\u2019efici\u00e8ncia mitjan\u00e7ant un \u00fas responsable de l\u2019energia.\u00a0L\u2019acci\u00f3 empresarial desenvolupada ha perm\u00e8s satisfer la demanda energ\u00e8tica de m\u00e9s de 1700 k de clients, aix\u00ed com impulsar un programa social destinat a afavorir col\u00b7lectius vulnerables.<\/p>\n<p>La hist\u00f2ria de l&#8217;energia li reserva un paper protagonista en el progr\u00e9s de la societat. Amb l\u2019arribada de l\u2019enllumenat p\u00fablic a les ciutats, la llum en la fosca nit va permetre trencar el cicle agr\u00edcola que havia imperat fins aleshores. Aix\u00ed va n\u00e9ixer un tipus d\u2019activitat nova impensable fins ara: les ciutats van comen\u00e7ar a oferir una infinitat de propostes de cultura i entreteniment relacionades amb la nit.<\/p>\n<p>La mostra tamb\u00e9 presenta una reflexi\u00f3 sobre el futur energ\u00e8tic i les eines disponibles que ens permetin emprendre&#8217;l de manera responsable. A trav\u00e9s de la presentaci\u00f3 de les diferents alternatives energ\u00e8tiques disponibles, l\u2019exposici\u00f3 ofereix les claus perqu\u00e8 el visitant entengui que totes les energies tenen avantatges i inconvenients i que, per tant, no existeixen f\u00f3rmules m\u00e0giques per resoldre el futur energ\u00e8tic. Les pr\u00f2ximes d\u00e8cades estaran marcades per la garantia de subministrament, els costos econ\u00f2mics i el seu impacte en el medi ambient, aix\u00ed com per la capacitat dels humans per innovar als terrenys tecnol\u00f2gic i social.\u00a0Entre les q\u00fcestions capitals de la nostra agenda futura destacar\u00e0 l\u2019est\u00edmul d\u2019un consum energ\u00e8tic responsable amb el m\u00ednim impacte sobre el medi ambient, a trav\u00e9s de l\u2019estalvi i l\u2019efici\u00e8ncia.[\/vc_column_text][\/vc_column][\/vc_row]<\/p>\n","protected":false},"excerpt":{"rendered":"<p>[vc_row][vc_column width=&#8221;2\/3&#8243;][vc_single_image image=&#8221;62136&#8243; img_size=&#8221;large&#8221;][\/vc_column][vc_column width=&#8221;1\/3&#8243;][vc_empty_space][\/vc_column][\/vc_row][vc_row][vc_column][vc_column_text] 25\/05\/2017 &#8211; 30\/06\/2017\u00a0\u2013 Ciutat\u00a0de M\u00e8xic\u00a0(M\u00e8xic) [\/vc_column_text][vc_column_text]Del 25 de maig al 30 de juny de 2017, amb motiu de la inauguraci\u00f3 de la seu Gas Natural<span class=\"more-link\"><a href=\"https:\/\/www.fundacionnaturgy.org\/ca\/educacio-divulgacio\/experiencies-itinerants\/exposicions-itinerants\/energia\/fent-historia-a-mexic-i-al-mon-ciutat-de-mexic-mexic\/\">Llegir m\u00e9s<\/a><\/span><\/p>\n","protected":false},"author":1454,"featured_media":0,"parent":52754,"menu_order":0,"comment_status":"closed","ping_status":"closed","template":"templates\/full-width.php","meta":{"inline_featured_image":false},"categories":[],"acf":[],"_links":{"self":[{"href":"https:\/\/www.fundacionnaturgy.org\/ca\/wp-json\/wp\/v2\/pages\/62175"}],"collection":[{"href":"https:\/\/www.fundacionnaturgy.org\/ca\/wp-json\/wp\/v2\/pages"}],"about":[{"href":"https:\/\/www.fundacionnaturgy.org\/ca\/wp-json\/wp\/v2\/types\/page"}],"author":[{"embeddable":true,"href":"https:\/\/www.fundacionnaturgy.org\/ca\/wp-json\/wp\/v2\/users\/1454"}],"replies":[{"embeddable":true,"href":"https:\/\/www.fundacionnaturgy.org\/ca\/wp-json\/wp\/v2\/comments?post=62175"}],"version-history":[{"count":0,"href":"https:\/\/www.fundacionnaturgy.org\/ca\/wp-json\/wp\/v2\/pages\/62175\/revisions"}],"up":[{"embeddable":true,"href":"https:\/\/www.fundacionnaturgy.org\/ca\/wp-json\/wp\/v2\/pages\/52754"}],"wp:attachment":[{"href":"https:\/\/www.fundacionnaturgy.org\/ca\/wp-json\/wp\/v2\/media?parent=62175"}],"wp:term":[{"taxonomy":"category","embeddable":true,"href":"https:\/\/www.fundacionnaturgy.org\/ca\/wp-json\/wp\/v2\/categories?post=62175"}],"curies":[{"name":"wp","href":"https:\/\/api.w.org\/{rel}","templated":true}]}}