{"id":75984,"date":"2020-10-09T12:04:36","date_gmt":"2020-10-09T10:04:36","guid":{"rendered":"https:\/\/www.fundacionnaturgy.org\/formacio-professional-en-edificacio-i-rehabilitacio-sostenibl\/"},"modified":"2024-04-29T10:51:35","modified_gmt":"2024-04-29T08:51:35","slug":"formacio-professional-en-edificacio-i-rehabilitacio-sostenibl","status":"publish","type":"page","link":"https:\/\/www.fundacionnaturgy.org\/ca\/formacio-professional-en-edificacio-i-rehabilitacio-sostenibl\/","title":{"rendered":"Formaci\u00f3 professional en edificaci\u00f3 i rehabilitaci\u00f3 sostenible"},"content":{"rendered":"<p>[vc_row][vc_column width=&#8221;1\/2&#8243;][vc_single_image image=&#8221;84809&#8243; img_size=&#8221;full&#8221;][\/vc_column][vc_column width=&#8221;1\/2&#8243;][vc_column_text]<\/p>\n<p>Les empreses del sector de l\u2019edificaci\u00f3 i la rehabilitaci\u00f3 sostenible necessiten professionals formats en aquestes noves compet\u00e8ncies. La formaci\u00f3 professional, en qualsevol de les seves modalitats, capacita professionals per donar resposta a la necessitat del sector. La rehabilitaci\u00f3 energ\u00e8tica d\u2019edificis \u00e9s un dels pilars del Pacte Verd Europeu i del Pla nacional integrat d\u2019energia i clima.<\/p>\n<p>Curs impartit per professionals i professors especialitzats de l\u2019Escola Sert del Col\u00b7legi d\u2019Arquitectes de Catalunya (COAC)<\/p>\n<p>[\/vc_column_text][\/vc_column][\/vc_row][vc_row][vc_column width=&#8221;1\/2&#8243;][vc_column_text]<\/p>\n<h3>Objectiu del curs<\/h3>\n<p>Les classes s\u00f3n un conjunt de temes relacionats amb la sostenibilitat explicats des d\u2019un punt de vista pr\u00e0ctic per formar en els conceptes d\u2019efici\u00e8ncia energ\u00e8tica, demanda, ODS 2030, certificacions energ\u00e8tiques o BIM.<\/p>\n<p>Els objectius del curs s\u00f3n l\u2019adquisici\u00f3 de coneixements b\u00e0sics i pr\u00e0ctics de cinc temes:<\/p>\n<ul>\n<li>L\u2019edifici com a conjunt amb el valor afegit de la sostenibilitat.<\/li>\n<li>Normativa obligat\u00f2ria de la construcci\u00f3 (CTE) i l\u2019edifici (ITE)<\/li>\n<li>Eines de programari. BIM.<\/li>\n<li>Instal\u00b7lacions d\u2019un edifici, sistemes connectats, dom\u00f2tics i de gesti\u00f3.<\/li>\n<li>Cat\u00e0leg de solucions constructives de fa\u00e7anes, cobertes, etc. respectuoses amb el medi ambient, la salut i la sostenibilitat.<\/li>\n<\/ul>\n<p>[\/vc_column_text][\/vc_column][vc_column width=&#8221;1\/2&#8243;][vc_column_text]<\/p>\n<h3>Compet\u00e8ncies<\/h3>\n<ul>\n<li>Coneixement d\u2019un edifici. Parts, funcionament per poder prendre decisions d\u2019obra.<\/li>\n<li>Coneixement de la Normativa obligat\u00f2ria de la construcci\u00f3 (CTE) i l\u2019edifici (ITE), objectius ODS 2030 i seguretat i salut a les obres.<\/li>\n<li>Coneixement i \u00fas de les eines de programari. BIM.<\/li>\n<li>Coneixement dels tipus d\u2019Instal\u00b7lacions d\u2019un edifici, sistemes connectats, dom\u00f2tics i de gesti\u00f3.<\/li>\n<li>Coneixement d\u2019un cat\u00e0leg de solucions constructives de fa\u00e7anes, cobertes, etc. respectuoses amb el medi ambient, la salut i la sostenibilitat.<\/li>\n<\/ul>\n<p>[\/vc_column_text][\/vc_column][\/vc_row][vc_row][vc_column width=&#8221;1\/2&#8243;][vc_column_text]<\/p>\n<h3>Metodologia<\/h3>\n<p>Les sessions es podran seguir online. L\u2019aula virtual permet fer consultes per xat en directe.<\/p>\n<p>Les sessions online s\u2019impartiran en format pon\u00e8ncia, en qu\u00e8 el docent exposar\u00e0 els continguts de la sessi\u00f3, interactuar\u00e0 amb els assistents i resoldr\u00e0 dubtes. S\u2019aniran alternant casos m\u00e9s pr\u00e0ctics, en qu\u00e8 els participants exposaran les seves reflexions i solucions a problemes plantejats pr\u00e8viament, amb l\u2019objectiu de potenciar la metodologia learning by doing, on s\u2019apr\u00e8n a base d\u2019enfrontar-se a problemes reals.[\/vc_column_text][\/vc_column][vc_column width=&#8221;1\/2&#8243;]<div class=\"gnf-destacado-icono small-text-center medium-text-left row collapse\"><div class=\"gnf-destacado-icono__icono large-4 columns small-text-center medium-text-left \"><div class=\"icon-outer icon-style-default\" style=\"background-color:\"><span class=\"ico_info\"><\/span><\/div><\/div><div class=\"gnf-destacado-icono__texto large-8 columns\"><h4><\/h4><\/p>\n<h3>M\u00e1s informaci\u00f3n y peticiones:<\/h3>\n<p>Si est\u00e1s interesado en nuestro programa\u00a0de Formaci\u00f3n Profesional, nos puedes contactar por:<\/p>\n<p>Correo\u00a0electr\u00f3nico: <a href=\"mailto:FP_fundacion@naturgy.com\" target=\"_blank\" rel=\"noopener\">FP_fundacion<\/a><a href=\"mailto:FP_fundacion@naturgy.com\"><br \/>\n@naturgy.com<\/a><\/div><\/div>[\/vc_column][\/vc_row][vc_row][vc_column width=&#8221;1\/2&#8243;][\/vc_column][vc_column width=&#8221;1\/2&#8243;][\/vc_column][\/vc_row]<\/p>\n","protected":false},"excerpt":{"rendered":"<p>[vc_row][vc_column width=&#8221;1\/2&#8243;][vc_single_image image=&#8221;84809&#8243; img_size=&#8221;full&#8221;][\/vc_column][vc_column width=&#8221;1\/2&#8243;][vc_column_text] Les empreses del sector de l\u2019edificaci\u00f3 i la rehabilitaci\u00f3 sostenible necessiten professionals formats en aquestes noves compet\u00e8ncies. La formaci\u00f3 professional, en qualsevol de les seves<span class=\"more-link\"><a href=\"https:\/\/www.fundacionnaturgy.org\/ca\/formacio-professional-en-edificacio-i-rehabilitacio-sostenibl\/\">Llegir m\u00e9s<\/a><\/span><\/p>\n","protected":false},"author":1454,"featured_media":0,"parent":0,"menu_order":0,"comment_status":"closed","ping_status":"closed","template":"templates\/full-width.php","meta":{"inline_featured_image":false},"categories":[],"acf":[],"_links":{"self":[{"href":"https:\/\/www.fundacionnaturgy.org\/ca\/wp-json\/wp\/v2\/pages\/75984"}],"collection":[{"href":"https:\/\/www.fundacionnaturgy.org\/ca\/wp-json\/wp\/v2\/pages"}],"about":[{"href":"https:\/\/www.fundacionnaturgy.org\/ca\/wp-json\/wp\/v2\/types\/page"}],"author":[{"embeddable":true,"href":"https:\/\/www.fundacionnaturgy.org\/ca\/wp-json\/wp\/v2\/users\/1454"}],"replies":[{"embeddable":true,"href":"https:\/\/www.fundacionnaturgy.org\/ca\/wp-json\/wp\/v2\/comments?post=75984"}],"version-history":[{"count":1,"href":"https:\/\/www.fundacionnaturgy.org\/ca\/wp-json\/wp\/v2\/pages\/75984\/revisions"}],"predecessor-version":[{"id":89114,"href":"https:\/\/www.fundacionnaturgy.org\/ca\/wp-json\/wp\/v2\/pages\/75984\/revisions\/89114"}],"wp:attachment":[{"href":"https:\/\/www.fundacionnaturgy.org\/ca\/wp-json\/wp\/v2\/media?parent=75984"}],"wp:term":[{"taxonomy":"category","embeddable":true,"href":"https:\/\/www.fundacionnaturgy.org\/ca\/wp-json\/wp\/v2\/categories?post=75984"}],"curies":[{"name":"wp","href":"https:\/\/api.w.org\/{rel}","templated":true}]}}