{"id":13060,"date":"2015-11-15T09:00:45","date_gmt":"2015-11-15T08:00:45","guid":{"rendered":"https:\/\/www.fundacionnaturgy.org\/ca\/actividad\/xiv-seminari-internacional-sobre-energia-i-medi-ambient-empresa-i-canvi-climatic\/"},"modified":"2016-07-05T18:46:59","modified_gmt":"2016-07-05T16:46:59","slug":"xiv-seminari-internacional-sobre-energia-i-medi-ambient-empresa-i-canvi-climatic","status":"publish","type":"tribe_events","link":"https:\/\/www.fundacionnaturgy.org\/ca\/actividad\/xiv-seminari-internacional-sobre-energia-i-medi-ambient-empresa-i-canvi-climatic\/","title":{"rendered":"XIV Seminari Internacional sobre Energia i Medi Ambient &#8220;Empresa i canvi clim\u00e0tic&#8221;"},"content":{"rendered":"<p>Un dels aspectes clau de la pr\u00f2xima Cimera sobre Canvi Clim\u00e0tic de Par\u00eds ser\u00e0 el finan\u00e7ament dels esfor\u00e7os de prevenci\u00f3 i de mitigaci\u00f3 dels pa\u00efsos m\u00e9s pobres. En la seva 14 edici\u00f3, el seminari tracta del paper crucial de les empreses en el finan\u00e7ament dels canvis necessaris, aix\u00ed com en la transfer\u00e8ncia de tecnologia i de capacitat de gesti\u00f3. Tamb\u00e9 s&#39;aborda la necess\u00e0ria verificaci\u00f3 de la destinaci\u00f3 correcta dels fons assignats. Com a ponents hi seran presents experts de primer nivell del Banc Mundial, de l&#39;Ag\u00e8ncia Internacional de l&#39;Energia, del Consell Empresarial Mundial per al Desenvolupament Sostenible i de l&#39;Institut Internacional de Dret i Medi Ambient, aix\u00ed com dels m\u00e0xims representants del Govern d&#39;Espanya.<\/p>\n<h3>Programa<\/h3>\n<p>8.30 h Recepci\u00f3 de participants i lliurament de documentaci\u00f3<\/p>\n<p>9.00 h Sessi\u00f3 inaugural<\/p>\n<p>Sr. Rafael Villaseca<\/p>\n<p>Conseller delegat,<\/p>\n<p>Gas Natural Fenosa.<\/p>\n<p>Sr. Sr. Pablo Saavedra<\/p>\n<p>Secretari d&#39;Estat de Medi Ambient,<\/p>\n<p>Ministeri d&#39;Agricultura, Alimentaci\u00f3 i Medi Ambient,<\/p>\n<p>Govern d&#39;Espanya.<\/p>\n<p>9.30 h Par\u00eds no ser\u00e0 Copenhaguen: qu\u00e8 ha canviat en les negociacions sobre canvi clim\u00e0tic en els darrers anys<\/p>\n<p>Sra. Valvanera Ulargui<\/p>\n<p>directora general,<\/p>\n<p>Oficina Espanyola de Canvi Clim\u00e0tic,<\/p>\n<p>Ministeri d&#39;Agricultura, Alimentaci\u00f3 i Medi Ambient,<\/p>\n<p>Govern d&#39;Espanya.<\/p>\n<p>10.00 h El paper de les empreses en les negociacions de canvi clim\u00e0tic<\/p>\n<p>Sra. Mar\u00eda Mendiluce<\/p>\n<p>directora d&#39;Energia i Clima,<\/p>\n<p>Consell Empresarial Mundial<\/p>\n<p>per al Desenvolupament Sostenible (WBCSD).<\/p>\n<p>10.30 h El finan\u00e7ament empresarial de la prevenci\u00f3 i mitigaci\u00f3 del canvi clim\u00e0tic<\/p>\n<p>Sra. Stephanie Miller<\/p>\n<p>directora,<\/p>\n<p>International Finance Corporation,<\/p>\n<p>World Bank Group.<\/p>\n<p>11.00 h Col\u00b7loqui<\/p>\n<p>11.30 h Pausa caf\u00e8<\/p>\n<p>12.00 h El paper de la innovaci\u00f3 tecnol\u00f2gica en la transici\u00f3 vers una societat baixa en carboni<\/p>\n<p>Sr. Daniele Poponi<\/p>\n<p>gestor de Programes,<\/p>\n<p>Informe de Perspectives sobre Tecnologies Energ\u00e8tiques,<\/p>\n<p>Divisi\u00f3 de Pol\u00edtiques sobre Tecnologies Energ\u00e8tiques,<\/p>\n<p>Ag\u00e8ncia Internacional de l&#39;Energia.<\/p>\n<p>12.30 h La verificaci\u00f3 com a garantia de la participaci\u00f3 empresarial en l&#39;acci\u00f3 contra el canvi clim\u00e0tic<\/p>\n<p>Sra. Ana Barreira<\/p>\n<p>directora,<\/p>\n<p>Institut Internacional de Dret i Medi Ambient (IIDMA).<\/p>\n<p>13.00 h La mobilitzaci\u00f3 de la inversi\u00f3 privada per a projectes clim\u00e0tics<\/p>\n<p>Sr. Peter Sweatman<\/p>\n<p>director general,<\/p>\n<p>Climate Strategy &amp; Partners.<\/p>\n<p>Rapporteur d&#39;EEFIG.<\/p>\n<p>13.30 h Col\u00b7loqui<\/p>\n<p>14.00 h Final del seminari<\/p>\n","protected":false},"excerpt":{"rendered":"<p>Quin \u00e9s el paper crucial de les empreses en el finan\u00e7ament dels canvis necessaris, aix\u00ed com en la transfer\u00e8ncia de tecnologia i de capacitat de gesti\u00f3?<\/p>\n","protected":false},"author":11,"featured_media":2311,"template":"","meta":{"inline_featured_image":false,"_tribe_events_status":"","_tribe_events_status_reason":""},"categories":[],"tags":[],"tribe_events_cat":[],"acf":[],"_links":{"self":[{"href":"https:\/\/www.fundacionnaturgy.org\/ca\/wp-json\/wp\/v2\/tribe_events\/13060"}],"collection":[{"href":"https:\/\/www.fundacionnaturgy.org\/ca\/wp-json\/wp\/v2\/tribe_events"}],"about":[{"href":"https:\/\/www.fundacionnaturgy.org\/ca\/wp-json\/wp\/v2\/types\/tribe_events"}],"author":[{"embeddable":true,"href":"https:\/\/www.fundacionnaturgy.org\/ca\/wp-json\/wp\/v2\/users\/11"}],"version-history":[{"count":0,"href":"https:\/\/www.fundacionnaturgy.org\/ca\/wp-json\/wp\/v2\/tribe_events\/13060\/revisions"}],"wp:featuredmedia":[{"embeddable":true,"href":"https:\/\/www.fundacionnaturgy.org\/ca\/wp-json\/wp\/v2\/media\/2311"}],"wp:attachment":[{"href":"https:\/\/www.fundacionnaturgy.org\/ca\/wp-json\/wp\/v2\/media?parent=13060"}],"wp:term":[{"taxonomy":"category","embeddable":true,"href":"https:\/\/www.fundacionnaturgy.org\/ca\/wp-json\/wp\/v2\/categories?post=13060"},{"taxonomy":"post_tag","embeddable":true,"href":"https:\/\/www.fundacionnaturgy.org\/ca\/wp-json\/wp\/v2\/tags?post=13060"},{"taxonomy":"tribe_events_cat","embeddable":true,"href":"https:\/\/www.fundacionnaturgy.org\/ca\/wp-json\/wp\/v2\/tribe_events_cat?post=13060"}],"curies":[{"name":"wp","href":"https:\/\/api.w.org\/{rel}","templated":true}]}}