{"id":64034,"date":"2019-06-17T10:09:27","date_gmt":"2019-06-17T08:09:27","guid":{"rendered":"https:\/\/www.fundacionnaturgy.org\/actividad\/els-juliols-digitalitzacio-casos-practics-a-7-sectors-barcelona\/"},"modified":"2019-07-11T12:09:10","modified_gmt":"2019-07-11T10:09:10","slug":"els-juliols-digitalitzacio-casos-practics-a-7-sectors-barcelona","status":"publish","type":"tribe_events","link":"https:\/\/www.fundacionnaturgy.org\/ca\/actividad\/els-juliols-digitalitzacio-casos-practics-a-7-sectors-barcelona\/","title":{"rendered":"Els Juliols \u201cDigitalitzaci\u00f3: casos pr\u00e0ctics a 7 sectors\u201d. Barcelona"},"content":{"rendered":"<p>[vc_row][vc_column width=&#8221;2\/3&#8243;][vc_empty_space height=&#8221;12px&#8221;][vc_column_text]La digitalitzaci\u00f3, l\u2019<strong>\u00fas<\/strong><strong> intensiu de les tecnologies de la informaci\u00f3 i de la comunicaci\u00f3<\/strong>, forma part de la vida quotidiana i \u00e9s present a qualsevol sector i entorn d\u2019una societat avan\u00e7ada. Per\u00f2, qu\u00e8 entenem realment per digitalitzaci\u00f3? Per a qu\u00e8 serveix? Quines s\u00f3n les principals tecnologies i aplicacions?<\/p>\n<p>Per valorar aquests dubtes i d\u2019altres, la Universitat de Barcelona i la Fundaci\u00f3 Naturgy organitzen el seminari d\u2019enguany, on reuneixen e<strong>xperts<\/strong><strong> de l\u2019entorn acad\u00e8mic i de diferents sectors empresarials<\/strong> amb la voluntat de presentar la part m\u00e9s pr\u00e0ctica de la implantaci\u00f3.[\/vc_column_text][\/vc_column][vc_column width=&#8221;1\/3&#8243;][vc_column_text css=&#8221;.vc_custom_1561106161257{padding-top: 25px !important;padding-right: 25px !important;padding-bottom: 25px !important;padding-left: 25px !important;background-color: #004571 !important;border-radius: 5px !important;}&#8221;]<\/p>\n<h5 style=\"text-align: center;\"><img loading=\"lazy\" class=\"aligncenter wp-image-53273\" src=\"https:\/\/www.fundacionnaturgy.org\/wp-content\/uploads\/2018\/12\/lapiz-blanco.png\" alt=\"lapiz-blanco\" width=\"60\" height=\"60\" srcset=\"https:\/\/www.fundacionnaturgy.org\/wp-content\/uploads\/2018\/12\/lapiz-blanco.png 176w, https:\/\/www.fundacionnaturgy.org\/wp-content\/uploads\/2018\/12\/lapiz-blanco-150x150.png 150w, https:\/\/www.fundacionnaturgy.org\/wp-content\/uploads\/2018\/12\/lapiz-blanco-140x140.png 140w\" sizes=\"(max-width: 60px) 100vw, 60px\" \/><span style=\"color: #ffffff;\"><a style=\"color: #ffffff;\" href=\"https:\/\/www.fundacionnaturgy.org\/wp-content\/uploads\/2018\/12\/lapiz-blanco.png\"><br \/>\n<\/a>9 de juliol de 2019<\/span><\/h5>\n<p style=\"text-align: center;\"><span style=\"color: #ffffff;\"><span style=\"text-decoration: underline;\"><a style=\"text-decoration: underline; color: #ffffff;\" href=\"https:\/\/www.google.com\/maps\/place\/Carrer+del+Gas,+1,+08003+Barcelona\/@41.3839744,2.1902145,17z\/data=!3m1!4b1!4m5!3m4!1s0x12a4a306431b9a85:0xb01bc9b218f76b5e!8m2!3d41.3839744!4d2.1924032\">Auditori Seu Naturgy &#8211;<br \/>\nPl. del Gas, 1, 08003 Barcelona<\/a><\/span><\/span><\/p>\n<p style=\"text-align: center;\"><span style=\"color: #ffffff;\">Aforament limitat<br \/>\n<\/span><a href=\"https:\/\/www.fundacionnaturgy.org\/wp-content\/uploads\/2019\/06\/els-juliols-barcelona-2019-3.pdf\"><span style=\"text-decoration: underline; color: #ffffff;\">Programa<\/span><\/a><\/p>\n<p>[\/vc_column_text][\/vc_column][\/vc_row][vc_row][vc_column][vc_column_text]<\/p>\n<h4>Agenda<\/h4>\n<p><strong>Moderaci\u00f3\u00a0del seminari: <\/strong><span style=\"color: #e57200;\">Mariano Marzo<\/span>, catedr\u00e0tic, Universitat\u00a0de Barcelona<\/p>\n<p>09:00h\u00a0Sessi\u00f3\u00a0inaugural<br \/>\n<span style=\"color: #e57200;\">M\u00aa Eugenia Coronado<\/span>, directora general, Fundaci\u00f3\u00a0Naturgy<br \/>\n<span style=\"color: #e57200;\">Albert\u00a0Cirera<\/span>,\u00a0Vicerector\u00a0d&#8217;Emprenedoria,\u00a0Transfer\u00e8ncia\u00a0i\u00a0Innovaci\u00f3,\u00a0Universitat\u00a0de\u00a0Barcelona<\/p>\n<p><strong>09:30h Qu\u00e8 \u00e9s la digitalitzaci\u00f3?<\/strong><strong> Per a qu\u00e8 serveix? Quines s\u00f3n les principals tecnologies? Aplicacions i impacte en la competitivitat\u00a0<\/strong><br \/>\n<span style=\"color: #e57200;\">Eduardo Calvo<\/span>, professor, IESE<\/p>\n<p><strong>10:15h L\u2019impacte de la digitalitzaci\u00f3 en la societat i l\u2019ocupaci\u00f3. Com ha de ser la nova formaci\u00f3?<\/strong><br \/>\n<span style=\"color: #e57200;\">Antoni Garrell<\/span>, director general, Fundaci\u00f3\u00a0ESDi (FUNDIT)<\/p>\n<p><strong>10:45h\u00a0<\/strong>Col\u00b7loqui<\/p>\n<p><strong>11:00h\u00a0<\/strong>Pausa caf\u00e8<\/p>\n<p><strong>11:30h\u00a0<\/strong><strong>Bloc\u00a0I. Casos pr\u00e0ctics de digitalitzaci\u00f3<\/strong><\/p>\n<p><strong>El sector de l\u2019energia: impuls de l\u2019\u00fas de <em>data anal\u00edtics<\/em> per a l\u2019optimitzaci\u00f3 de plantes fotovoltaiques<\/strong><br \/>\n<span style=\"color: #e57200;\">Beatriz von Munthe Af Morgenstierne Ramirez<\/span>, Projecte Digitalitzaci\u00f3, Naturgy<\/p>\n<p><strong>El sector del comer\u00e7 <em>retail<\/em><\/strong><br \/>\n<span style=\"color: #e57200;\">Mosiri Cabezas<\/span>, responsable de transformaci\u00f3 digital i comer\u00e7 electr\u00f2nic, IKEA Espa\u00f1a<\/p>\n<p><strong>El sector financer: la banca digital<\/strong><br \/>\n<span style=\"color: #e57200;\">Xavier Bomb\u00ed<\/span>, soci d\u2019estrat\u00e8gia del sector financer, KPMG a Catalunya<\/p>\n<p><strong>El sector de les telecomunicacions: com evolucionar cap a una <em>telco<\/em> digital basada en plataformes<\/strong><br \/>\n<span style=\"color: #e57200;\">Carlos Rabazo<\/span>, <i>Digital Transformation Manager<\/i>, Telef\u00f3nica Empresas<\/p>\n<p><strong>13:15h Col\u00b7loqui<\/strong><\/p>\n<p><strong>13:30h\u00a0<\/strong>C\u00f2ctel\u2014<em>Networking<\/em><\/p>\n<p><strong>14:30h\u00a0<\/strong><strong>Bloc\u00a0II. Casos pr\u00e0ctics de digitalitzaci\u00f3<\/strong><\/p>\n<p><strong>El sector sanitari: millora cont\u00ednua amb disrupci\u00f3 digital.\u00a0Cas\u00a0Sanofi<\/strong><br \/>\n<span style=\"color: #e57200;\">Borja Tinao P\u00e9rez-Miravete<\/span>, <i>Innovation Center for Advanced Manufacturing Director<\/i>, Altran<\/p>\n<p><strong>El sector de la log\u00edstica: creaci\u00f3 d\u2019una unitat nova de negoci<\/strong><br \/>\n<span style=\"color: #e57200;\">Fernando J. Garc\u00eda Pardo<\/span>, <i>Enterprise Account Manager<\/i>, Amazon Web Services<\/p>\n<p><strong>El sector tur\u00edstic: eines de visi\u00f3 integral de l\u2019impacte negoci-client<\/strong><br \/>\n<span style=\"color: #e57200;\">Ingrid de la Fuente<\/span>, <i>Global Technical Services Department<\/i>, Meli\u00e1 Hotels International<br \/>\n<span style=\"color: #e57200;\">Diego Viu<\/span>, <i>Technical Projects and Compliance Specialist<\/i>, Meli\u00e1 Hotels International<\/p>\n<p><strong>15:40h Una visi\u00f3 de futur<\/strong><br \/>\n<span style=\"color: #e57200;\">Jos\u00e9 Manuel Garc\u00eda Gavil\u00e1n<\/span>, <i>Strategic Customers Director<\/i>, Google Cloud<\/p>\n<p><strong>16:10h\u00a0<\/strong>Col\u00b7loqui<\/p>\n<p><strong>16:30h\u00a0<\/strong>Sessi\u00f3\u00a0de clausura<br \/>\n<span style=\"color: #e57200;\">M\u00aa Eugenia Coronado<\/span>, directora general, Fundaci\u00f3\u00a0Naturgy<br \/>\n<span style=\"color: #e57200;\">Mariano Marzo<\/span>, catedr\u00e0tic, Universitat de Barcelona<\/p>\n<p><strong>17:00h<br \/>\n<\/strong>Fi\u00a0del seminari[\/vc_column_text][vc_empty_space height=&#8221;18px&#8221;][vc_separator color=&#8221;custom&#8221; accent_color=&#8221;#b2c7d4&#8243;][\/vc_column][\/vc_row]<\/p>\n","protected":false},"excerpt":{"rendered":"<p>El curs d\u2019estiu Els Juliols abordar\u00e0 el proc\u00e9s de transformaci\u00f3 digital viscut per companyies que representen set sectors rellevants del m\u00f3n empresarial.<\/p>\n","protected":false},"author":1454,"featured_media":63935,"template":"","meta":{"inline_featured_image":false,"_tribe_events_status":"","_tribe_events_status_reason":""},"categories":[240],"tags":[1056,348],"tribe_events_cat":[],"acf":[],"_links":{"self":[{"href":"https:\/\/www.fundacionnaturgy.org\/ca\/wp-json\/wp\/v2\/tribe_events\/64034"}],"collection":[{"href":"https:\/\/www.fundacionnaturgy.org\/ca\/wp-json\/wp\/v2\/tribe_events"}],"about":[{"href":"https:\/\/www.fundacionnaturgy.org\/ca\/wp-json\/wp\/v2\/types\/tribe_events"}],"author":[{"embeddable":true,"href":"https:\/\/www.fundacionnaturgy.org\/ca\/wp-json\/wp\/v2\/users\/1454"}],"version-history":[{"count":0,"href":"https:\/\/www.fundacionnaturgy.org\/ca\/wp-json\/wp\/v2\/tribe_events\/64034\/revisions"}],"wp:featuredmedia":[{"embeddable":true,"href":"https:\/\/www.fundacionnaturgy.org\/ca\/wp-json\/wp\/v2\/media\/63935"}],"wp:attachment":[{"href":"https:\/\/www.fundacionnaturgy.org\/ca\/wp-json\/wp\/v2\/media?parent=64034"}],"wp:term":[{"taxonomy":"category","embeddable":true,"href":"https:\/\/www.fundacionnaturgy.org\/ca\/wp-json\/wp\/v2\/categories?post=64034"},{"taxonomy":"post_tag","embeddable":true,"href":"https:\/\/www.fundacionnaturgy.org\/ca\/wp-json\/wp\/v2\/tags?post=64034"},{"taxonomy":"tribe_events_cat","embeddable":true,"href":"https:\/\/www.fundacionnaturgy.org\/ca\/wp-json\/wp\/v2\/tribe_events_cat?post=64034"}],"curies":[{"name":"wp","href":"https:\/\/api.w.org\/{rel}","templated":true}]}}