{"id":65412,"date":"2017-07-10T11:05:16","date_gmt":"2017-07-10T09:05:16","guid":{"rendered":"https:\/\/www.fundacionnaturgy.org\/producto\/talks-on-the-energy-transition-and-electricity-markets-barcelona\/"},"modified":"2020-02-27T17:55:30","modified_gmt":"2020-02-27T16:55:30","slug":"talks-on-the-energy-transition-and-electricity-markets-barcelona","status":"publish","type":"product","link":"https:\/\/www.fundacionnaturgy.org\/en\/producto\/talks-on-the-energy-transition-and-electricity-markets-barcelona\/","title":{"rendered":"Talks \u201cThe energy transition and electricity markets\u201d. Barcelona"},"content":{"rendered":"<p>Here you can find the talks given at the &#8220;Els Juliols\u201d summer course held in Barcelona from 10 to 14 July 2017, in collaboration with the University of Barcelona, on the sustainability of the electricity market\u2019s current operation and what would be the role of \u2018utilities\u2019 in the new energy model. Speakers: Mariano Marzo, \u00c1ngela Arce, Juan Rivier, Antonio Canoyra, Joan Batalla, Mar\u00eda Jose Samaniego, Tom\u00e1s G\u00f3mez, Ignacio de Aguirre, I\u00f1igo Ortiz and Eloy \u00c1lvarez.<\/p>\n<p>&nbsp;<\/p>\n<p>&nbsp;<\/p>\n","protected":false},"excerpt":{"rendered":"<p>Here you can find the talks given at the &#8220;Els Juliols\u201d summer course held in Barcelona from 10 to 14 July 2017, in collaboration with the University of Barcelona, on the sustainability of the electricity market\u2019s current operation and what would be the role of \u2018utilities\u2019 in the new energy model. Speakers: Mariano Marzo, \u00c1ngela Arce, Juan Rivier, Antonio Canoyra, Joan Batalla, Mar\u00eda Jose Samaniego, Tom\u00e1s G\u00f3mez, Ignacio de Aguirre, I\u00f1igo Ortiz and Eloy \u00c1lvarez.<\/p>\n","protected":false},"featured_media":53850,"template":"","meta":{"inline_featured_image":false},"categories":[1193],"content-type":[1177],"product_tag":[],"acf":[],"post_class":["post-65412","product","type-product","status-publish","has-post-thumbnail","hentry","category-energy-transition","content-type-presentations","wordpress-sticky"],"_links":{"self":[{"href":"https:\/\/www.fundacionnaturgy.org\/en\/wp-json\/wp\/v2\/product\/65412"}],"collection":[{"href":"https:\/\/www.fundacionnaturgy.org\/en\/wp-json\/wp\/v2\/product"}],"about":[{"href":"https:\/\/www.fundacionnaturgy.org\/en\/wp-json\/wp\/v2\/types\/product"}],"wp:featuredmedia":[{"embeddable":true,"href":"https:\/\/www.fundacionnaturgy.org\/en\/wp-json\/wp\/v2\/media\/53850"}],"wp:attachment":[{"href":"https:\/\/www.fundacionnaturgy.org\/en\/wp-json\/wp\/v2\/media?parent=65412"}],"wp:term":[{"taxonomy":"category","embeddable":true,"href":"https:\/\/www.fundacionnaturgy.org\/en\/wp-json\/wp\/v2\/categories?post=65412"},{"taxonomy":"content-type","embeddable":true,"href":"https:\/\/www.fundacionnaturgy.org\/en\/wp-json\/wp\/v2\/content-type?post=65412"},{"taxonomy":"product_tag","embeddable":true,"href":"https:\/\/www.fundacionnaturgy.org\/en\/wp-json\/wp\/v2\/product_tag?post=65412"}],"curies":[{"name":"wp","href":"https:\/\/api.w.org\/{rel}","templated":true}]}}